{"id":490,"date":"2019-12-02T11:50:12","date_gmt":"2019-12-02T08:50:12","guid":{"rendered":"http:\/\/conference.cag.edu.tr\/?page_id=490"},"modified":"2022-05-18T20:33:19","modified_gmt":"2022-05-18T17:33:19","slug":"davet-metni","status":"publish","type":"page","link":"https:\/\/conference.cag.edu.tr\/gencarastirmacilar\/davet-metni\/","title":{"rendered":"Davet Metni"},"content":{"rendered":"\n<p class=\"has-text-align-center\"><strong>Sevgili gen\u00e7ler,<\/strong><\/p>\n\n\n\n<p class=\"has-text-align-center\">\u00c7a\u011f \u00dcniversitesi T\u00fcrk Dili ve Edebiyat\u0131 B\u00f6l\u00fcm\u00fc taraf\u0131ndan 24-25 Haziran 2022\u00a0tarihleri aras\u0131nda ilki ger\u00e7ekle\u015ftirilecek olan ve gelenekselle\u015ftirilmesi planlanan <em>T\u00fcrk Dili ve Edebiyat\u0131 Gen\u00e7 Ara\u015ft\u0131rmac\u0131lar Bilgi \u015e\u00f6leni <\/em>\u00e7evirim i\u00e7i olarak d\u00fczenlenecektir. Bilimsel etkinli\u011fin amac\u0131; lisans\u00fcst\u00fc (y\u00fcksek lisans ve doktora) \u00f6\u011frencileri bir araya getirmek, \u00f6\u011frencilerin bilimsel \u00e7al\u0131\u015fmalar\u0131n\u0131 sunabilecekleri, i\u015fbirli\u011fi imk\u00e2nlar\u0131n\u0131 geli\u015ftirebilecekleri akademik bir ortam yaratmakt\u0131r. Bilgi \u015f\u00f6leni; T\u00fcrk Dili ve Edebiyat\u0131 B\u00f6l\u00fcm\u00fcn\u00fcn; T\u00fcrk Halk Bilimi, T\u00fcrk Halk Edebiyat\u0131, Yeni T\u00fcrk Edebiyat\u0131, Eski T\u00fcrk Edebiyat\u0131, Yeni T\u00fcrk Dili, Eski T\u00fcrk Dili, \u00c7a\u011fda\u015f T\u00fcrk Leh\u00e7eleri ve Edebiyatlar\u0131 anabilim dallar\u0131nda belirlenmi\u015f alt temalarda sunulacak \u00f6zg\u00fcn \u00e7al\u0131\u015fmalar\u0131 ulusal \u00f6l\u00e7ekte duyurmak, \u00f6\u011frencilerin birbirleriyle ve alanda uzman hocalarla tan\u0131\u015f\u0131p fikir al\u0131\u015fveri\u015finde bulunacaklar\u0131, alana dair g\u00fcncel \u00e7al\u0131\u015fma y\u00f6ntemlerini ve sorunlar\u0131 tart\u0131\u015facaklar\u0131 interaktif bilimsel bir etkinlik olma amac\u0131n\u0131 ta\u015f\u0131maktad\u0131r.<\/p>\n\n\n\n<p class=\"has-text-align-center\">Etkinli\u011fe ba\u015fvuru; \u00f6zet metinle ger\u00e7ekle\u015ftirilecektir. Tam metin g\u00f6nderim \u015fart\u0131 bulunmamaktad\u0131r. Ba\u015fvuruda bulunmak isteyenlerin, etkinlik yaz\u0131m kurallar\u0131na uygun olarak haz\u0131rlad\u0131klar\u0131 200-300 kelimeden olu\u015fan \u00f6zet bildiri metinlerini, <a href=\"mailto:gencarastirmacilar@cag.edu.tr\">gencarastirmacilar@cag.edu.tr<\/a> veya <a href=\"https:\/\/conference.cag.edu.tr\/gencarastirmacilar\/kayit\/\">https:\/\/conference.cag.edu.tr\/gencarastirmacilar\/kayit\/<\/a> adresine 27 May\u0131s 2022 tarihine kadar iletmesi gerekmektedir. \u00d6zet metinler, bildiri de\u011ferlendirme komitesi taraf\u0131ndan incelenecek ve hakem s\u00fcrecini ba\u015far\u0131yla tamamlayan bildiriler 10 Haziran 2022 tarihinde ilan edilecektir. Etkinlik program\u0131 ise 20 Haziran 2022 tarihinde duyurulacakt\u0131r. Bilgi \u015f\u00f6leninde s\u00f6zel olarak sunulmu\u015f ve tam metinleri 1 Temmuz 2022 tarihine kadar iletilmi\u015f olan bildiriler e-kitap olarak yay\u0131mlanacakt\u0131r. S\u00f6zl\u00fc sunumu yap\u0131lmayan bildiriler sempozyum kitab\u0131nda yer almayacakt\u0131r.<\/p>\n\n\n\n<p class=\"has-text-align-center\">Sempozyuma kat\u0131l\u0131m\u0131n\u0131zdan k\u0131van\u00e7 duyaca\u011f\u0131m\u0131z\u0131 belirtir, \u00e7al\u0131\u015fmalar\u0131n\u0131zda ba\u015far\u0131lar dilerim.<\/p>\n\n\n\n<p class=\"has-text-align-center\"><strong>Sempozyum Ba\u015fkan\u0131<\/strong><\/p>\n\n\n\n<p class=\"has-text-align-center\"><strong>Dr. \u00d6\u011fr. \u00dcyesi Beg\u00fcm KURT<\/strong><\/p>\n","protected":false},"excerpt":{"rendered":"<p>Sevgili gen\u00e7ler, \u00c7a\u011f \u00dcniversitesi T\u00fcrk Dili ve Edebiyat\u0131 B\u00f6l\u00fcm\u00fc taraf\u0131ndan 24-25 Haziran 2022\u00a0tarihleri aras\u0131nda ilki ger\u00e7ekle\u015ftirilecek olan ve gelenekselle\u015ftirilmesi planlanan T\u00fcrk Dili ve Edebiyat\u0131 Gen\u00e7 Ara\u015ft\u0131rmac\u0131lar Bilgi \u015e\u00f6leni \u00e7evirim i\u00e7i olarak d\u00fczenlenecektir. Bilimsel etkinli\u011fin amac\u0131; lisans\u00fcst\u00fc (y\u00fcksek lisans ve doktora) \u00f6\u011frencileri bir araya getirmek, \u00f6\u011frencilerin bilimsel \u00e7al\u0131\u015fmalar\u0131n\u0131 sunabilecekleri, i\u015fbirli\u011fi imk\u00e2nlar\u0131n\u0131 geli\u015ftirebilecekleri akademik bir ortam yaratmakt\u0131r. [&hellip;]<\/p>\n","protected":false},"author":1,"featured_media":0,"parent":0,"menu_order":0,"comment_status":"closed","ping_status":"closed","template":"","meta":[],"_links":{"self":[{"href":"https:\/\/conference.cag.edu.tr\/gencarastirmacilar\/wp-json\/wp\/v2\/pages\/490"}],"collection":[{"href":"https:\/\/conference.cag.edu.tr\/gencarastirmacilar\/wp-json\/wp\/v2\/pages"}],"about":[{"href":"https:\/\/conference.cag.edu.tr\/gencarastirmacilar\/wp-json\/wp\/v2\/types\/page"}],"author":[{"embeddable":true,"href":"https:\/\/conference.cag.edu.tr\/gencarastirmacilar\/wp-json\/wp\/v2\/users\/1"}],"replies":[{"embeddable":true,"href":"https:\/\/conference.cag.edu.tr\/gencarastirmacilar\/wp-json\/wp\/v2\/comments?post=490"}],"version-history":[{"count":12,"href":"https:\/\/conference.cag.edu.tr\/gencarastirmacilar\/wp-json\/wp\/v2\/pages\/490\/revisions"}],"predecessor-version":[{"id":701,"href":"https:\/\/conference.cag.edu.tr\/gencarastirmacilar\/wp-json\/wp\/v2\/pages\/490\/revisions\/701"}],"wp:attachment":[{"href":"https:\/\/conference.cag.edu.tr\/gencarastirmacilar\/wp-json\/wp\/v2\/media?parent=490"}],"curies":[{"name":"wp","href":"https:\/\/api.w.org\/{rel}","templated":true}]}}