{"id":492,"date":"2019-12-02T11:50:32","date_gmt":"2019-12-02T08:50:32","guid":{"rendered":"http:\/\/conference.cag.edu.tr\/?page_id=492"},"modified":"2022-05-20T18:23:11","modified_gmt":"2022-05-20T15:23:11","slug":"kurullar","status":"publish","type":"page","link":"https:\/\/conference.cag.edu.tr\/gencarastirmacilar\/kurullar\/","title":{"rendered":"Kurullar"},"content":{"rendered":"\n<p> <strong><u>Onur Kurulu<\/u><\/strong><\/p>\n\n\n\n<ul><li>Prof. Dr. \u00dcnal AY (\u00c7a\u011f \u00dcniversitesi Rekt\u00f6r\u00fc)<\/li><li>Prof. Dr. Yener G\u00dcLMEZ (\u00c7a\u011f \u00dcniversitesi M\u00fctevelli Heyet Ba\u015fkan Vekili)<\/li><li>Prof. Dr. \u00c7etin BEDESTENC\u0130 (\u00c7a\u011f \u00dcniversitesi Rekt\u00f6r Yard\u0131mc\u0131s\u0131)<\/li><li>Prof. Dr. \u015eehnaz \u015eAH\u0130NKARAKA\u015e&nbsp; (\u00c7a\u011f \u00dcniversitesi Rekt\u00f6r Yard\u0131mc\u0131s\u0131)<\/li><li>Prof. Dr. Deniz Aynur G\u00dcLER (\u00c7a\u011f \u00dcniversitesi Fen Edebiyat Fak\u00fcltesi Dekan\u0131)<\/li><\/ul>\n\n\n\n<p><strong><u>Sempozyum Ba\u015fkan\u0131<\/u><\/strong><\/p>\n\n\n\n<ul><li>Dr. \u00d6\u011fr. \u00dcyesi Beg\u00fcm KURT (\u00c7a\u011f \u00dcniversitesi)<\/li><\/ul>\n\n\n\n<p><strong><u>Sempozyum D\u00fczenleme Kurulu<\/u><\/strong><\/p>\n\n\n\n<ul><li>Prof. Dr. Sevin ARSLAN (\u00c7a\u011f \u00dcniversitesi)<\/li><li>Prof. Dr. Elmas \u015eAH\u0130N (\u00c7a\u011f \u00dcniversitesi)<\/li><li>Do\u00e7. Dr. \u015eirvan KALSIN (\u00c7a\u011f \u00dcniversitesi)<\/li><li>Dr. \u00d6\u011fr. \u00dcyesi Beg\u00fcm KURT (\u00c7a\u011f \u00dcniversitesi)<\/li><li>Dr. \u00d6\u011fr. \u00dcyesi Belde AKA (\u00c7a\u011f \u00dcniversitesi)<\/li><li>\u00d6\u011fr. G\u00f6r. Ali K\u00d6RO\u011eLU (\u00c7a\u011f \u00dcniversitesi)<\/li><\/ul>\n\n\n\n<p><strong><u>Sempozyum Y\u00fcr\u00fctme Kurulu<\/u><\/strong><\/p>\n\n\n\n<ul><li>\u00d6\u011fr. G\u00f6r. \u00d6zge PARLARDEM\u0130R (\u00c7a\u011f \u00dcniversitesi)<\/li><li>\u00d6\u011fr. G\u00f6r. S\u00fcreyya SAYGILI (\u00c7a\u011f \u00dcniversitesi)<\/li><li>Ar\u015f. G\u00f6r. Seyfettin \u00d6ZDEM\u0130REL (\u00c7a\u011f \u00dcniversitesi)<\/li><li>Ar\u015f. G\u00f6r. Alper YILDIZ (\u00c7a\u011f \u00dcniversitesi)<\/li><li>Ar\u015f G\u00f6r. Demet CANARSLAN (\u00c7a\u011f \u00dcniversitesi)<\/li><\/ul>\n\n\n\n<p><strong><u>Sempozyum Bilim ve Dan\u0131\u015fma Kurulu<\/u><\/strong><\/p>\n\n\n\n<ul><li>Prof. Dr. Mehmet Naci \u00d6NAL (Mu\u011fla S\u0131tk\u0131 Ko\u00e7man \u00dcniversitesi)<\/li><li>Prof. Dr. Ali YAKICI (Gazi \u00dcniversitesi)<\/li><li>Prof. Dr. G\u00fclay M\u0130RZAO\u011eLU (Hacettepe \u00dcniversitesi)<\/li><li>Prof. Dr. Mehmet Erol (Gaziantep \u00dcniversitesi)<\/li><li>Prof. Dr. Nilg\u00fcn \u00c7IBLAK CO\u015eKUN (Mersin \u00dcniversitesi)<\/li><li>Prof. Dr. Cengiz G\u00d6K\u015eEN (Osmaniye Korkut Ata \u00dcniversitesi)<\/li><li>Prof. Dr. Refiye \u015eENESEN (\u00c7ukurova \u00dcniversitesi)<\/li><li>Prof. Dr. Dilek BAT\u0130SLAM (\u00c7ukurova \u00dcniversitesi)<\/li><li>Prof. Dr. Deniz AB\u0130K\u00a0 (\u00c7ukurova \u00dcniversitesi)<\/li><li>Prof. Dr. Muna Y\u00fcceol \u00d6ZEZEN (\u00c7ukurova \u00dcniversitesi)<\/li><li>Prof. Dr. Engin \u00c7ET\u0130N (\u00c7ukurova \u00dcniversitesi)<\/li><li>Prof. Dr. Elmas \u015eAH\u0130N (\u00c7a\u011f \u00dcniversitesi)<\/li><li>Do\u00e7. Dr. Mustafa AYDEM\u0130R (A\u011fr\u0131 \u00dcniversitesi)<\/li><li>Do\u00e7. Dr. Ayhan KARAKA\u015e (\u00c7ukurova \u00dcniversitesi)<\/li><li>Do\u00e7. Dr. \u015eirvan KALSIN (\u00c7a\u011f \u00dcniversitesi)<\/li><li>Dr. \u00d6\u011fr. \u00dcyesi Beg\u00fcm KURT (\u00c7a\u011f \u00dcniversitesi)<\/li><li>Dr. \u00d6\u011fr. \u00dcyesi Belde AKA (\u00c7a\u011f \u00dcniversitesi)<\/li><li>Dr. \u00d6\u011fr. \u00dcyesi Ali DO\u011eANER (Osmaniye Korkut Ata \u00dcniversitesi)<\/li><li>Dr. \u00d6\u011fr. \u00dcyesi Hilal Nay\u0131r EK\u0130NC\u0130 (Mersin \u00dcniversitesi)<\/li><li>Dr. \u00d6\u011fr. \u00dcyesi Asl\u0131 A\u011fcalar BAL\u0130 (Mersin \u00dcniversitesi)<\/li><\/ul>\n","protected":false},"excerpt":{"rendered":"<p>Onur Kurulu Prof. Dr. \u00dcnal AY (\u00c7a\u011f \u00dcniversitesi Rekt\u00f6r\u00fc) Prof. Dr. Yener G\u00dcLMEZ (\u00c7a\u011f \u00dcniversitesi M\u00fctevelli Heyet Ba\u015fkan Vekili) Prof. Dr. \u00c7etin BEDESTENC\u0130 (\u00c7a\u011f \u00dcniversitesi Rekt\u00f6r Yard\u0131mc\u0131s\u0131) Prof. Dr. \u015eehnaz \u015eAH\u0130NKARAKA\u015e&nbsp; (\u00c7a\u011f \u00dcniversitesi Rekt\u00f6r Yard\u0131mc\u0131s\u0131) Prof. Dr. Deniz Aynur G\u00dcLER (\u00c7a\u011f \u00dcniversitesi Fen Edebiyat Fak\u00fcltesi Dekan\u0131) Sempozyum Ba\u015fkan\u0131 Dr. \u00d6\u011fr. \u00dcyesi Beg\u00fcm KURT (\u00c7a\u011f \u00dcniversitesi) [&hellip;]<\/p>\n","protected":false},"author":1,"featured_media":0,"parent":0,"menu_order":0,"comment_status":"closed","ping_status":"closed","template":"","meta":[],"_links":{"self":[{"href":"https:\/\/conference.cag.edu.tr\/gencarastirmacilar\/wp-json\/wp\/v2\/pages\/492"}],"collection":[{"href":"https:\/\/conference.cag.edu.tr\/gencarastirmacilar\/wp-json\/wp\/v2\/pages"}],"about":[{"href":"https:\/\/conference.cag.edu.tr\/gencarastirmacilar\/wp-json\/wp\/v2\/types\/page"}],"author":[{"embeddable":true,"href":"https:\/\/conference.cag.edu.tr\/gencarastirmacilar\/wp-json\/wp\/v2\/users\/1"}],"replies":[{"embeddable":true,"href":"https:\/\/conference.cag.edu.tr\/gencarastirmacilar\/wp-json\/wp\/v2\/comments?post=492"}],"version-history":[{"count":4,"href":"https:\/\/conference.cag.edu.tr\/gencarastirmacilar\/wp-json\/wp\/v2\/pages\/492\/revisions"}],"predecessor-version":[{"id":777,"href":"https:\/\/conference.cag.edu.tr\/gencarastirmacilar\/wp-json\/wp\/v2\/pages\/492\/revisions\/777"}],"wp:attachment":[{"href":"https:\/\/conference.cag.edu.tr\/gencarastirmacilar\/wp-json\/wp\/v2\/media?parent=492"}],"curies":[{"name":"wp","href":"https:\/\/api.w.org\/{rel}","templated":true}]}}