{"id":670,"date":"2020-02-21T10:53:54","date_gmt":"2020-02-21T07:53:54","guid":{"rendered":"http:\/\/conference.cag.edu.tr\/invisible\/?page_id=670"},"modified":"2022-06-20T22:22:58","modified_gmt":"2022-06-20T19:22:58","slug":"kongreprogrami","status":"publish","type":"page","link":"https:\/\/conference.cag.edu.tr\/gencarastirmacilar\/kongreprogrami\/","title":{"rendered":"Kongre Program\u0131"},"content":{"rendered":"\n<p class=\"has-text-align-center\"><strong><em>\u00c7a\u011f \u00dcniversitesi T\u00fcrk Dili ve Edebiyat\u0131 I. Ulusal Gen\u00e7 Ara\u015ft\u0131rmac\u0131lar Bilgi \u015e\u00f6leni<\/em><\/strong><strong><em><\/em><\/strong><\/p>\n\n\n\n<p class=\"has-text-align-center\"><strong><u>Kongre Bilimsel Program\u0131<\/u><\/strong><\/p>\n\n\n\n<p class=\"has-text-align-left\"><strong>24 Haziran 2022 Cuma<\/strong><strong><\/strong><\/p>\n\n\n\n<p class=\"has-text-align-left\"><strong>1. Oturum: 11.00-12.10<\/strong><strong><\/strong><\/p>\n\n\n\n<p><strong>Oturum Ba\u015fkan\u0131: Prof. Dr. Sevin ARSLAN<\/strong>&nbsp;&nbsp;&nbsp;&nbsp;&nbsp;&nbsp;&nbsp;&nbsp;&nbsp;&nbsp;&nbsp;&nbsp;&nbsp;&nbsp;&nbsp;&nbsp;&nbsp;&nbsp;&nbsp;&nbsp;&nbsp;&nbsp;&nbsp;&nbsp;&nbsp;&nbsp;&nbsp;&nbsp;&nbsp;<\/p>\n\n\n\n<figure class=\"wp-block-table is-style-stripes\"><table><tbody><tr><td><strong>Salon 1: <\/strong> <strong>Oturum Bilgileri: <\/strong><a href=\"https:\/\/zoom.us\/signin\"><strong>https:\/\/zoom.us\/signin<\/strong><\/a><br><strong>ID: 362 794 35 63&nbsp;&nbsp;&nbsp;&nbsp;&nbsp;&nbsp;&nbsp;&nbsp;&nbsp;&nbsp;&nbsp;&nbsp;&nbsp;&nbsp;&nbsp;&nbsp;<\/strong><\/td><\/tr><tr><td>&nbsp; 11.00-11-10<\/td><td>Adnan BOYUNDURUK<\/td><td>Gaziantep \u00dcniversitesi Doktora \u00d6\u011frencisi<\/td><td>Kahramanmara\u015f&#8217;ta Ya\u015fayan Geleneksel Bir Meslek Ustas\u0131: B\u0131\u00e7ak\u00e7\u0131 \u00d6kke\u015f \u00c7elik<\/td><\/tr><tr><td>&nbsp; 11.15-11.25<\/td><td>G\u00f6khan KARABUDAK<\/td><td>Gaziantep \u00dcniversitesi Doktora \u00d6\u011frencisi<\/td><td>Bir Adak Rit\u00fceli Olarak Sofra A\u00e7ma: G\u00fcney Azerbaycan \u00d6rne\u011fi<\/td><\/tr><tr><td>11.30-11.40 &nbsp;<\/td><td>Bestami BOZO\u011eULLARINDAN<\/td><td>Gaziantep \u00dcniversitesi Doktora \u00d6\u011frencisi<\/td><td>Sosyal Medya Platformlar\u0131nda \u00c2\u015f\u0131k \u0130majlar\u0131<\/td><\/tr><tr><td>&nbsp; 11.45-11.55<\/td><td>Aycan URUCU<\/td><td>\u00c7a\u011f \u00dcniversitesi Y\u00fcksek Lisans \u00d6\u011frencisi<\/td><td>\u0130slamiyet \u00d6ncesi T\u00fcrk Destanlar\u0131nda \u0130nan\u00e7 Motifi ve Tanr\u0131 Fig\u00fcr\u00fc<\/td><\/tr><tr><td>12.00-12.10 &nbsp;<\/td><td>Arife TA\u015eKIRAN<\/td><td>\u00c7a\u011f \u00dcniversitesi Y\u00fcksek Lisans \u00d6\u011frencisi<\/td><td>T\u00fcrk Destanlar\u0131nda Alp Tipi<\/td><\/tr><\/tbody><\/table><\/figure>\n\n\n\n<p class=\"has-text-align-center\"><strong>24 Haziran 2022 Cuma<\/strong><strong><\/strong><\/p>\n\n\n\n<p><strong>2. Oturum: 11.00-12.10<\/strong><strong><\/strong><\/p>\n\n\n\n<p><strong>Oturum Ba\u015fkan\u0131: Dr. \u00d6\u011fr. \u00dcyesi Beg\u00fcm KURT<\/strong><strong><\/strong><\/p>\n\n\n\n<figure class=\"wp-block-table is-style-stripes\"><table><tbody><tr><td><strong>Salon 2: <\/strong> <strong>Oturum Bilgileri: <\/strong><a href=\"https:\/\/zoom.us\/signin\"><strong>https:\/\/zoom.us\/signin<\/strong><\/a><br><strong>ID: 362 794 35 63&nbsp;&nbsp;&nbsp;&nbsp;&nbsp;&nbsp;&nbsp;&nbsp;&nbsp;&nbsp;&nbsp;&nbsp;&nbsp;&nbsp;&nbsp;<\/strong><\/td><\/tr><tr><td>11.00-11.10<\/td><td>Gizem \u00c7EL\u0130K&nbsp;<\/td><td>Mersin \u00dcniversitesi Y\u00fcksek Lisans \u00d6\u011frencisi<\/td><td>Halk K\u00fclt\u00fcr\u00fcnde R\u00fcya Motifi: Anne Arketipi Ba\u011flam\u0131nda Bir \u00c7\u00f6z\u00fcmleme &nbsp;<\/td><\/tr><tr><td>11.15-11.25<\/td><td>Kadriye PATAN<\/td><td>Mersin \u00dcniversitesi Y\u00fcksek Lisans \u00d6\u011frencisi<\/td><td>S\u00fcnnetin Tarihsel S\u00fcre\u00e7teki Geli\u015fimi ve Dayand\u0131r\u0131ld\u0131\u011f\u0131 Temeller<\/td><\/tr><tr><td>11.30-11.40<\/td><td>Orhan AYAZ ULUT\u00dcRK<\/td><td>Mersin \u00dcniversitesi &nbsp;Y\u00fcksek Lisans \u00d6\u011frencisi<\/td><td>K\u0131rg\u0131z Yazar Kazat Akmatov ve Munabiya \u201c\u041c\u0443\u043d\u0430\u0431\u0438\u044f\u201d Adl\u0131 Uzun \u00d6yk\u00fcs\u00fc<\/td><\/tr><tr><td>11.45-11.55<\/td><td>Mehmet KAYAR<\/td><td>\u00c7a\u011f \u00dcniversitesi Y\u00fcksek Lisans \u00d6\u011frencisi<\/td><td>Nam\u0131k Kemal\u2019in \u0130slamc\u0131l\u0131k Anlay\u0131\u015f\u0131n\u0131n Renan M\u00fcdafaanamesi\u2019ne Yans\u0131malar\u0131<\/td><\/tr><tr><td>12.00-12.10<\/td><td>G\u00f6kmen B\u0130\u00c7ER<\/td><td>\u00c7a\u011f \u00dcniversitesi Y\u00fcksek Lisans \u00d6\u011frencisi<\/td><td>Z\u00fclf\u00fc Livaneli\u2019nin Leyla\u2019n\u0131n Evi Adl\u0131 Roman\u0131nda G\u00f6\u00e7-G\u00f6\u00e7men Olgusu<\/td><\/tr><\/tbody><\/table><\/figure>\n\n\n\n<p class=\"has-text-align-center\"><strong>24 Haziran 2022 Cuma<\/strong><strong><\/strong><\/p>\n\n\n\n<p><strong>3. Oturum: 13.30-14.40<\/strong><strong><\/strong><\/p>\n\n\n\n<p><strong>Oturum Ba\u015fkan\u0131: Do\u00e7. Dr. \u015eirvan KALSIN<\/strong><strong><\/strong><\/p>\n\n\n\n<figure class=\"wp-block-table is-style-stripes\"><table><tbody><tr><td><strong>Salon1: <\/strong> <strong>Oturum Bilgileri: <\/strong><a href=\"https:\/\/zoom.us\/signin\"><strong>https:\/\/zoom.us\/signin<\/strong><\/a><br><strong>ID: 362 794 35 63&nbsp;&nbsp;&nbsp;&nbsp;&nbsp;&nbsp;&nbsp;&nbsp;&nbsp; <\/strong><\/td><\/tr><tr><td>13.30-13.40<\/td><td>Fatma G\u00dcNAL<\/td><td>\u00c7a\u011f \u00dcniversitesi Y\u00fcksek Lisans \u00d6\u011frencisi<\/td><td>Derleme S\u00f6zl\u00fc\u011f\u00fc\u2019nde Yer Alan Do\u011fum ve \u00dcremeyle \u0130lgili Terimlerin De\u011ferlendirilmesi<\/td><\/tr><tr><td>13.45-13.55<\/td><td>Ay\u015fe YILMAZ<\/td><td>\u00c7a\u011f \u00dcniversitesi Y\u00fcksek Lisans \u00d6\u011frencisi<\/td><td>Derleme S\u00f6zl\u00fc\u011f\u00fc\u2019nde T\u00fcrk\u00e7e Av ve Avc\u0131l\u0131k Terimlerinin \u0130zleri<\/td><\/tr><tr><td>14.00-14.10<\/td><td>Celalettin Bulut BOSTAN<\/td><td>\u00c7ukurova \u00dcniversitesi Y\u00fcksek Lisans \u00d6\u011frencisi<\/td><td>Altun Yaruk\u2019ta Bitki Varl\u0131\u011f\u0131<\/td><\/tr><tr><td>14.15-14.25<\/td><td>Alper YILDIZ<\/td><td>Mersin \u00dcniversitesi Doktora \u00d6\u011frencisi<\/td><td>Eski T\u00fcrk\u00e7eden G\u00fcn\u00fcm\u00fcz T\u00fcrk\u00e7esine G\u00fclmekle \u0130lgili S\u00f6zc\u00fcklerin De\u011fi\u015fimi<\/td><\/tr><tr><td>14.30.14.40<\/td><td>Seyfettin \u00d6ZDEM\u0130REL<\/td><td>Ni\u011fde \u00d6mer Halisdemir \u00dcniversitesi Doktora \u00d6\u011frencisi<\/td><td>Bilgisayar Oyunlar\u0131n\u0131n T\u00fcrk Diline Etkisi \u00dczerine Bir De\u011ferlendirme<\/td><\/tr><\/tbody><\/table><\/figure>\n\n\n\n<p class=\"has-text-align-left\"><strong>24 Haziran Cuma <\/strong><strong><\/strong><\/p>\n\n\n\n<p><strong>4. Oturum: 13.30-14.40<\/strong><strong><\/strong><\/p>\n\n\n\n<p><strong>Oturum Ba\u015fkan\u0131: Prof. Dr. Elmas \u015eAH\u0130N<\/strong><strong><\/strong><\/p>\n\n\n\n<figure class=\"wp-block-table is-style-stripes\"><table><tbody><tr><td><strong>Salon 2: <\/strong> <strong>Oturum Bilgileri: <\/strong><a href=\"https:\/\/zoom.us\/signin\"><strong>https:\/\/zoom.us\/signin<\/strong><\/a><br><strong>ID: 362 794 35 63&nbsp;&nbsp;&nbsp;&nbsp;&nbsp;&nbsp;&nbsp;&nbsp;&nbsp;<\/strong><\/td><\/tr><tr><td>13.30-13.40<\/td><td>Tu\u011f\u00e7e ERTEK\u0130N<\/td><td>Mersin \u00dcniversitesi Y\u00fcksek Lisans \u00d6\u011frencisi<\/td><td>Esmahan Aykol\u2019un Polisiye Serisinde Kad\u0131n Dayan\u0131\u015fmas\u0131<\/td><\/tr><tr><td>13.45-13.55<\/td><td>Setenay Melisa SAYDAM<\/td><td>Mersin \u00dcniversitesi Y\u00fcksek Lisans \u00d6\u011frencisi<\/td><td>Z\u00fchal Tekkanat\u2019\u0131n Hayat\u0131 ve Edebiyatla \u0130li\u015fkisi<\/td><\/tr><tr><td>14.00-14.10<\/td><td>\u00d6zlem ER\u0130N<\/td><td>&nbsp;\u00c7a\u011f \u00dcniversitesi Y\u00fcksek Lisans \u00d6\u011frencisi<\/td><td>Vedat T\u00fcrkali\u2019nin \u0130stanbul Adl\u0131 \u015eiirinin Marksist Ele\u015ftiri Y\u00f6ntemine G\u00f6re \u00c7\u00f6z\u00fcmlenmesi<\/td><\/tr><tr><td>14.15-14.25<\/td><td>Duygu YILDIRIM<\/td><td>&nbsp;Mersin \u00dcniversitesi Y\u00fcksek Lisans \u00d6\u011frencisi&nbsp;<\/td><td>Abbas Sayar\u2019\u0131n Y\u0131lk\u0131 At\u0131 Roman\u0131nda S\u00f6z Varl\u0131\u011f\u0131 Unsuru<\/td><\/tr><tr><td>14.30-14.40<\/td><td>Demet CANARASLAN<\/td><td>&nbsp;Mersin \u00dcniversitesi Doktora \u00d6\u011frencisi<\/td><td>\u00c7a\u011fda\u015f T\u00fcrk Roman\u0131nda Birle\u015fik Eylem: S\u0131radan Bir G\u00fcn \u00d6rne\u011fi<\/td><\/tr><\/tbody><\/table><\/figure>\n\n\n\n<p><strong>Kapan\u0131\u015f Konu\u015fmas\u0131<\/strong>: 14.45-15.00<\/p>\n\n\n\n<p><strong>\u00d6nemli Bilgiler:<\/strong><\/p>\n\n\n\n<ul><li>L\u00fctfen oturumunuz ba\u015flamadan 10 dakika \u00f6nce sisteme giri\u015f yap\u0131n\u0131z. Sunum yapaca\u011f\u0131n\u0131z oturuma ba\u011flan\u0131rken ve sunum s\u0131ran\u0131z gelene kadar (soru-cevap b\u00f6l\u00fcmleri hari\u00e7) ses kar\u0131\u015f\u0131kl\u0131\u011f\u0131 olmamas\u0131 i\u00e7in mikrofonunuzu kapal\u0131 tutunuz.<\/li><li>Zoom platformunda isminizi belirlerken, isminizin \u00f6n\u00fcne sunum yapaca\u011f\u0131n\u0131z salon bilgisini de belirtmeniz gerekmektedir. \u00d6rne\u011fin isminiz Fatma G\u00dcL ise ve 1 No&#8217;lu salonda sunum yapacaksan\u0131z Zoom isminizi H1 &#8211; Fatma G\u00dcL \u015feklinde d\u00fczenleyiniz.<\/li><li>Sunumlarda konu\u015fmac\u0131lara ayr\u0131lan s\u00fcre 10 dakika ile s\u0131n\u0131rl\u0131d\u0131r. Bu nedenle teorik bilgilerden ziyade; \u00e7al\u0131\u015fman\u0131z\u0131n amac\u0131, y\u00f6ntemi, bulgular\u0131 ve sonu\u00e7lar\u0131na odaklan\u0131n\u0131z. Ayr\u0131ca sizden sonraki sunumlar\u0131n sarkmamas\u0131, di\u011fer oturumlardaki kat\u0131l\u0131mc\u0131lar\u0131 bekletmemek ad\u0131na verilen s\u00fcreye uymaya \u00f6zen g\u00f6steriniz.<\/li><li>Oturum boyunca salonda bulunman\u0131z gerekmektedir. Sunumunuz ka\u00e7\u0131nc\u0131 s\u0131rada olursa olsun, kameran\u0131z a\u00e7\u0131k halde, oturumun ba\u015f\u0131ndan sonuna kadar salonda bulunman\u0131z gerekmektedir. (\u00c7ok \u00f6nemli hallerde k\u0131sa s\u00fcreli olarak kamera kapat\u0131labilir.)<\/li><li>Dijital oturumlar\u0131n ba\u015flat\u0131lmas\u0131, sunumlar\u0131n ak\u0131\u015f plan\u0131, sunumlar\u0131n sonunda soru-cevap al\u0131nmas\u0131 ve oturumlara dair di\u011fer t\u00fcm konularda oturum ba\u015fkanlar\u0131n\u0131n tam yetkisi bulunmaktad\u0131r.<\/li><li>Kat\u0131l\u0131m belgeleri kongre sonras\u0131 PDF olarak g\u00f6nderilecektir.<\/li><li>Kat\u0131l\u0131mc\u0131lar herhangi bir sorun ya\u015famalar\u0131 halinde mail adresimizden ileti\u015fime ge\u00e7ebilirler, bilgi \u015f\u00f6leni y\u00fcr\u00fctme kurulumuz ivedilikle yard\u0131mc\u0131 olacakt\u0131r.&nbsp;<\/li><\/ul>\n\n\n\n<p class=\"has-text-align-center\"><strong>Bilgi \u015f\u00f6lenine kat\u0131lan t\u00fcm gen\u00e7 ara\u015ft\u0131rmac\u0131lara katk\u0131lar\u0131 i\u00e7in te\u015fekk\u00fcr eder, ba\u015far\u0131lar dileriz.<\/strong><\/p>\n\n\n\n<p class=\"has-text-align-center\"><em>\u00c7a\u011f \u00dcniversitesi I. Ulusal T\u00fcrk Dili Ve Edebiyat\u0131 Gen\u00e7 Ara\u015ft\u0131rmac\u0131lar Bilgi \u015e\u00f6leni D\u00fczenleme Kurulu<\/em><\/p>\n\n\n\n<figure class=\"wp-block-image size-large\"><img loading=\"lazy\" width=\"1024\" height=\"1024\" src=\"http:\/\/conference.cag.edu.tr\/gencarastirmacilar\/wp-content\/uploads\/2022\/05\/gencarastirmacilar_afis_guncel-3-1024x1024.jpg\" alt=\"\" class=\"wp-image-748\" srcset=\"https:\/\/conference.cag.edu.tr\/gencarastirmacilar\/wp-content\/uploads\/2022\/05\/gencarastirmacilar_afis_guncel-3-1024x1024.jpg 1024w, https:\/\/conference.cag.edu.tr\/gencarastirmacilar\/wp-content\/uploads\/2022\/05\/gencarastirmacilar_afis_guncel-3-300x300.jpg 300w, https:\/\/conference.cag.edu.tr\/gencarastirmacilar\/wp-content\/uploads\/2022\/05\/gencarastirmacilar_afis_guncel-3-150x150.jpg 150w, https:\/\/conference.cag.edu.tr\/gencarastirmacilar\/wp-content\/uploads\/2022\/05\/gencarastirmacilar_afis_guncel-3-768x768.jpg 768w, https:\/\/conference.cag.edu.tr\/gencarastirmacilar\/wp-content\/uploads\/2022\/05\/gencarastirmacilar_afis_guncel-3.jpg 1080w\" sizes=\"(max-width: 1024px) 100vw, 1024px\" \/><\/figure>\n\n\n\n<p><\/p>\n\n\n\n<p><\/p>\n","protected":false},"excerpt":{"rendered":"<p>\u00c7a\u011f \u00dcniversitesi T\u00fcrk Dili ve Edebiyat\u0131 I. Ulusal Gen\u00e7 Ara\u015ft\u0131rmac\u0131lar Bilgi \u015e\u00f6leni Kongre Bilimsel Program\u0131 24 Haziran 2022 Cuma 1. Oturum: 11.00-12.10 Oturum Ba\u015fkan\u0131: Prof. Dr. Sevin ARSLAN&nbsp;&nbsp;&nbsp;&nbsp;&nbsp;&nbsp;&nbsp;&nbsp;&nbsp;&nbsp;&nbsp;&nbsp;&nbsp;&nbsp;&nbsp;&nbsp;&nbsp;&nbsp;&nbsp;&nbsp;&nbsp;&nbsp;&nbsp;&nbsp;&nbsp;&nbsp;&nbsp;&nbsp;&nbsp; Salon 1: Oturum Bilgileri: https:\/\/zoom.us\/signinID: 362 794 35 63&nbsp;&nbsp;&nbsp;&nbsp;&nbsp;&nbsp;&nbsp;&nbsp;&nbsp;&nbsp;&nbsp;&nbsp;&nbsp;&nbsp;&nbsp;&nbsp; &nbsp; 11.00-11-10 Adnan BOYUNDURUK Gaziantep \u00dcniversitesi Doktora \u00d6\u011frencisi Kahramanmara\u015f&#8217;ta Ya\u015fayan Geleneksel Bir Meslek Ustas\u0131: B\u0131\u00e7ak\u00e7\u0131 \u00d6kke\u015f \u00c7elik &nbsp; [&hellip;]<\/p>\n","protected":false},"author":1,"featured_media":0,"parent":0,"menu_order":0,"comment_status":"closed","ping_status":"closed","template":"","meta":[],"_links":{"self":[{"href":"https:\/\/conference.cag.edu.tr\/gencarastirmacilar\/wp-json\/wp\/v2\/pages\/670"}],"collection":[{"href":"https:\/\/conference.cag.edu.tr\/gencarastirmacilar\/wp-json\/wp\/v2\/pages"}],"about":[{"href":"https:\/\/conference.cag.edu.tr\/gencarastirmacilar\/wp-json\/wp\/v2\/types\/page"}],"author":[{"embeddable":true,"href":"https:\/\/conference.cag.edu.tr\/gencarastirmacilar\/wp-json\/wp\/v2\/users\/1"}],"replies":[{"embeddable":true,"href":"https:\/\/conference.cag.edu.tr\/gencarastirmacilar\/wp-json\/wp\/v2\/comments?post=670"}],"version-history":[{"count":22,"href":"https:\/\/conference.cag.edu.tr\/gencarastirmacilar\/wp-json\/wp\/v2\/pages\/670\/revisions"}],"predecessor-version":[{"id":794,"href":"https:\/\/conference.cag.edu.tr\/gencarastirmacilar\/wp-json\/wp\/v2\/pages\/670\/revisions\/794"}],"wp:attachment":[{"href":"https:\/\/conference.cag.edu.tr\/gencarastirmacilar\/wp-json\/wp\/v2\/media?parent=670"}],"curies":[{"name":"wp","href":"https:\/\/api.w.org\/{rel}","templated":true}]}}