{"id":493,"date":"2019-12-02T11:50:40","date_gmt":"2019-12-02T08:50:40","guid":{"rendered":"http:\/\/conference.cag.edu.tr\/?page_id=493"},"modified":"2026-04-16T21:14:04","modified_gmt":"2026-04-16T18:14:04","slug":"onemlitarihler","status":"publish","type":"page","link":"https:\/\/conference.cag.edu.tr\/ubtdk\/onemlitarihler\/","title":{"rendered":"\u00d6nemli Tarih ve Bilgiler"},"content":{"rendered":"\n<p><strong>II. ULUSLARARASI BALKANLARDA T\u00dcRK D\u0130L\u0130, EDEB\u0130YATI VE K\u00dcLT\u00dcR\u00dc SEMPOZYUMU<\/strong><\/p>\n\n\n\n<p>II. Uluslararas\u0131 Balkanlarda T\u00fcrk Dili, Edebiyat\u0131 ve K\u00fclt\u00fcr\u00fc Sempozyumu, 1 Haziran 2026 tarihinde ikinci kez d\u00fczenlenecektir. Sempozyumun ger\u00e7ekle\u015ftirilmesine, Balkan \u00fclkelerindeki \u00e7e\u015fitli y\u00fcksek\u00f6\u011fretim kurumlar\u0131yla y\u00fcr\u00fct\u00fclen kapsaml\u0131 akademik i\u015f birli\u011fi g\u00f6r\u00fc\u015fmeleri neticesinde karar verilmi\u015ftir. Ayr\u0131ca, T\u00fcrk Dil Kurumu Ba\u015fkan\u0131 Prof. Dr. Osman Mert davetli konu\u015fmac\u0131 olarak sempozyumumuzu onurland\u0131racakt\u0131r.<\/p>\n\n\n\n<p>Bu kapsamda ba\u015fta Kuzey Makedonya Cumhuriyeti&#8217;nden \u00dcsk\u00fcp Aziz Kiril ve Metodiy \u00dcniversitesi, Kalkandelen (Tetova) \u00dcniversitesi ve Gostivar Uluslararas\u0131 Vizyon \u00dcniversitesi; Kosova Cumhuriyeti&#8217;nden Pri\u015ftine \u00dcniversitesi ve Prizren Ukshin Hoti \u00dcniversitesi; S\u0131rbistan Cumhuriyeti&#8217;nden Belgrad \u00dcniversitesi, Romanya Cumhuriyeti&#8217;nden K\u00f6stence Ovidius \u00dcniversitesi, Moldova Cumhuriyeti&#8217;nden Komrad Devlet \u00dcniversitesi, Ukrayna Cumhuriyeti&#8217;nden Kiev Ulusal \u00dcniversitesi, Kazakistan Cumhuriyeti&#8217;nden Kazak-Britanya Teknik \u00dcniversitesi, Azerbaycan Cumhuriyeti&#8217;nden Bak\u00fc Slav \u00dcniversitesinin Balkan \u00c7al\u0131\u015fmalar\u0131 B\u00f6l\u00fcm\u00fc olmak \u00fczere, s\u00f6z konusu \u00fcniversitelerin T\u00fcrk Dili ve Edebiyat\u0131 b\u00f6l\u00fcmleri ile E\u011fitim Fak\u00fcltelerinin T\u00fcrk\u00e7e \u00d6\u011fretmenli\u011fi ve Yabanc\u0131 Diller b\u00f6l\u00fcmlerinde g\u00f6rev yapan alan ba\u015fkanlar\u0131yla ger\u00e7ekle\u015ftirilen g\u00f6r\u00fc\u015fmeler sempozyumun kurumsal altyap\u0131s\u0131n\u0131n olu\u015fmas\u0131nda \u00f6nemli katk\u0131lar sa\u011flam\u0131\u015ft\u0131r. Gelecek y\u0131llarda Balkan co\u011frafyas\u0131n\u0131n farkl\u0131 \u00fclkelerinin de dahil edilmesi planlanmaktad\u0131r.<\/p>\n\n\n\n<p>\u00c7a\u011f \u00dcniversitesi olarak, destek ve i\u015f birli\u011fi iradesi g\u00f6steren t\u00fcm payda\u015f kurumlara te\u015fekk\u00fcr eder; bu akademik i\u015f birli\u011finin somut bir yans\u0131mas\u0131 olarak sempozyumun \u00c7a\u011f \u00dcniversitesi ev sahipli\u011finde d\u00fczenlenecek olmas\u0131ndan memnuniyet duydu\u011fumuzu kamuoyuyla payla\u015f\u0131r\u0131z.<\/p>\n\n\n\n<p>Bu etkinlik, 2025 y\u0131l\u0131nda ger\u00e7ekle\u015ftirilen I. Uluslararas\u0131 Balkanlarda T\u00fcrk Dili, Edebiyat\u0131 ve K\u00fclt\u00fcr\u00fc Sempozyumunun devam\u0131 niteli\u011finde olup, \u00f6nceki toplant\u0131da olu\u015fturulan akademik zemini daha da g\u00fc\u00e7lendirmeyi hedeflemektedir.<\/p>\n\n\n\n<p>Sempozyum; Balkan \u00fclkeleri ile T\u00fcrkiye aras\u0131nda akademik i\u015f birli\u011fini kurumsal bir \u00e7er\u00e7evede geli\u015ftirmeyi, k\u00fclt\u00fcrel s\u00fcreklilik ve kar\u015f\u0131l\u0131kl\u0131 etkile\u015fim alanlar\u0131n\u0131 disiplinler aras\u0131 bir yakla\u015f\u0131mla bilimsel d\u00fczlemde de\u011ferlendirmeyi ve b\u00f6lgesel akademik a\u011f\u0131n s\u00fcrd\u00fcr\u00fclebilirli\u011fine katk\u0131 sunmay\u0131 ama\u00e7lamaktad\u0131r.<\/p>\n\n\n\n<p><strong>SEMPOZYUM TAKV\u0130M\u0130<\/strong><\/p>\n\n\n\n<ul class=\"wp-block-list\">\n<li>Bildiri \u00d6zeti Son G\u00f6nderim Tarihi: 10 May\u0131s 2026<\/li>\n\n\n\n<li>Kabul Edilen Bildirilerin \u0130lan\u0131: 15 May\u0131s 2026<\/li>\n\n\n\n<li>Bildirilerin \u00c7evrim \u0130\u00e7i (Online) Sunumlar\u0131: 1 Haziran 2026<\/li>\n\n\n\n<li>Tam Metin Bildirilerin Son G\u00f6nderim Tarihi: 1 Temmuz 2026<\/li>\n\n\n\n<li>Elektronik Bildiri Kitab\u0131n\u0131n Yay\u0131m Tarihi: 1 Kas\u0131m 2026<\/li>\n<\/ul>\n\n\n\n<p><strong>SEMPOZYUM ONUR KURULU<\/strong><\/p>\n\n\n\n<p><strong>Prof. Dr. Murat Ko\u00e7<\/strong><\/p>\n\n\n\n<p>\u00c7a\u011f \u00dcniversitesi Rekt\u00f6r\u00fc<\/p>\n\n\n\n<p><strong>Prof. Dr. Osman Mert<\/strong><\/p>\n\n\n\n<p>T\u00fcrk Dil Kurumu Ba\u015fkan\u0131<\/p>\n\n\n\n<p><strong>Prof. Dr. Halil \u00c7etin Bedestenci<\/strong><\/p>\n\n\n\n<p>\u00c7a\u011f \u00dcniversitesi Rekt\u00f6r Yard\u0131mc\u0131s\u0131<\/p>\n\n\n\n<p><strong>Prof. Dr. Mahir Fisuno\u011flu<\/strong><\/p>\n\n\n\n<p>\u00c7a\u011f \u00dcniversitesi Rekt\u00f6r Yard\u0131mc\u0131s\u0131<\/p>\n\n\n\n<p><strong>Prof. Dr. Ergin Jable<\/strong><\/p>\n\n\n\n<p>Pri\u015ftine \u00dcniversitesi, T\u00fcrk Dili ve Edebiyat\u0131 B\u00f6l\u00fcm Ba\u015fkan\u0131<\/p>\n\n\n\n<p>Kosova Cumhuriyeti<\/p>\n\n\n\n<p><strong>Prof. Dr. Elsev Brina Lopar<\/strong><\/p>\n\n\n\n<p>Ukshin Hoti Prizren \u00dcniversitesi, E\u011fitim Fak\u00fcltesi, T\u00fcrk\u00e7e Programlar\u0131 Ba\u015fkan\u0131<\/p>\n\n\n\n<p>Kosova Cumhuriyeti<\/p>\n\n\n\n<p><strong>Prof. Dr. Fadil Hoca<\/strong><\/p>\n\n\n\n<p>Uluslararas\u0131 Vizyon \u00dcniversitesi M\u00fctevelli Heyet Ba\u015fkan\u0131<\/p>\n\n\n\n<p>Kuzey Makedonya Cumhuriyeti<\/p>\n\n\n\n<p><strong>Prof. Dr. Ahmet Vecdi Can<\/strong><\/p>\n\n\n\n<p>Uluslararas\u0131 Vizyon \u00dcniversitesi Rekt\u00f6r\u00fc<\/p>\n\n\n\n<p>Kuzey Makedonya Cumhuriyeti<\/p>\n\n\n\n<p><strong>Prof. Dr. Maratbek Gabdullin T.<\/strong><\/p>\n\n\n\n<p>Kazak-Britanya Teknik \u00dcniversitesi, Rekt\u00f6r<\/p>\n\n\n\n<p>Kazakistan<\/p>\n\n\n\n<p><strong>Prof. Dr. Asel K. Jumasseitova<\/strong><\/p>\n\n\n\n<p>Kazak-Britanya Teknik \u00dcniversitesi, Rekt\u00f6r Yard\u0131mc\u0131s\u0131<\/p>\n\n\n\n<p>Kazakistan<\/p>\n\n\n\n<p><strong>Prof. Dr. Osman Emin<\/strong><\/p>\n\n\n\n<p>Aziz Kliment Ohridski \u00dcniversitesi, Blaje Koneski Filoloji Fak\u00fcltesi,<\/p>\n\n\n\n<p>T\u00fcrk Dili ve Edebiyat\u0131 B\u00f6l\u00fcm Ba\u015fkan\u0131<\/p>\n\n\n\n<p>Kuzey Makedonya Cumhuriyeti<\/p>\n\n\n\n<p><strong>Prof. Dr. S\u00fcleyman Baki<\/strong><\/p>\n\n\n\n<p>Tetova (Kalkandelen) \u00dcniversitesi &#8211; Felsefe Fak\u00fcltesi Do\u011fu Dilleri (\u015earkiyat) B\u00f6l\u00fcm Ba\u015fkan\u0131<\/p>\n\n\n\n<p>Kuzey Makedonya Cumhuriyeti<\/p>\n\n\n\n<p><strong>Prof. Dr. Neriman Hasan<\/strong><\/p>\n\n\n\n<p>Ovidius \u00dcniversitesi (K\u00f6stence)<\/p>\n\n\n\n<p>Romanya Cumhuriyeti<\/p>\n\n\n\n<p><strong>Prof. Dr. Aktan Ago<\/strong><\/p>\n\n\n\n<p>&#8220;Marko Cepenkov&#8221; Makedon Folklor Enstit\u00fcs\u00fc, Aziz Kiril ve Metodi \u00dcniversitesi<\/p>\n\n\n\n<p>Kuzey Makedonya Cumhuriyeti<\/p>\n\n\n\n<p><strong>Prof. Dr. L\u00fcbov Kopanitsya<\/strong><\/p>\n\n\n\n<p>Tara&#8217;s \u015even\u00e7enko Kiev Ulusal \u00dcniversitesi Halk Bilimi B\u00f6l\u00fcm\u00fc \u00d6\u011fretim \u00dcyesi<\/p>\n\n\n\n<p>Ukrayna Cumhuriyeti<\/p>\n\n\n\n<p><strong>Dr. M. J. Kusaiyn<\/strong><\/p>\n\n\n\n<p>Kazak-Britanya Teknik \u00dcniversitesi, Sosyal Bilimler Okulu Dekan\u0131<\/p>\n\n\n\n<p><strong>Dr. G\u00fcll\u00fc Karanfil<\/strong><\/p>\n\n\n\n<p>Komrat Devlet \u00dcniversitesi, Gagauz Filolojisi ve Tarih B\u00f6l\u00fcm\u00fc<\/p>\n\n\n\n<p>Moldova Cumhuriyeti<\/p>\n\n\n\n<p><strong>Dr. Nurlana Gas\u0131ml\u0131 Mustafayeva<\/strong><\/p>\n\n\n\n<p>Bak\u00fc Slav \u00dcniversitesinin Balkan \u00c7al\u0131\u015fmalar\u0131 B\u00f6l\u00fcm\u00fc &#8211; B\u00f6l\u00fcm Ba\u015fkan\u0131<\/p>\n\n\n\n<p>Azerbaycan Cumhuriyeti<\/p>\n\n\n\n<p><strong>SEMPOZYUM D\u00dcZENLEME KURULU BA\u015eKANI<\/strong><\/p>\n\n\n\n<p><strong>Prof. Dr. Sevin Arslan<\/strong><\/p>\n\n\n\n<p>\u00c7a\u011f \u00dcniversitesi, Fen-Edebiyat Fak\u00fcltesi, T\u00fcrk Dili ve Edebiyat\u0131 B\u00f6l\u00fcm Ba\u015fkan\u0131<\/p>\n\n\n\n<p>Sempozyum D\u00fczenleme Kurulu Ba\u015fkan\u0131<\/p>\n\n\n\n<p><strong>SEMPOZYUM D\u00dcZENLEME KURULU<\/strong><\/p>\n\n\n\n<p><strong>Prof. Dr. \u015eirvan Kals\u0131n<\/strong><\/p>\n\n\n\n<p>\u00c7a\u011f \u00dcniversitesi, Fen-Edebiyat Fak\u00fcltesi Dekan\u0131<\/p>\n\n\n\n<p><strong>Do\u00e7. Dr. Murat G\u00fclmez<\/strong><\/p>\n\n\n\n<p>\u00c7a\u011f \u00dcniversitesi, Uluslararas\u0131 Ofis Ba\u015fkan\u0131<\/p>\n\n\n\n<p><strong>Do\u00e7. Dr. \u015eenol Kandemir<\/strong><\/p>\n\n\n\n<p>\u00c7a\u011f \u00dcniversitesi, Genel Sekreter<\/p>\n\n\n\n<p><strong>Do\u00e7. Dr. Belde Aka Kiya\u011fa<\/strong><\/p>\n\n\n\n<p>\u00c7a\u011f \u00dcniversitesi, Fen-Edebiyat Fak\u00fcltesi, T\u00fcrk Dili ve Edebiyat\u0131 B\u00f6l\u00fcm\u00fc<\/p>\n\n\n\n<p><strong>Dr. \u00d6\u011fr. \u00dcyesi Seyfettin \u00d6zdemirel<\/strong><\/p>\n\n\n\n<p>\u00c7a\u011f \u00dcniversitesi, Fen-Edebiyat Fak\u00fcltesi, T\u00fcrk Dili ve Edebiyat\u0131 B\u00f6l\u00fcm\u00fc<\/p>\n\n\n\n<p><strong>Ar\u015f. G\u00f6r. Alper Y\u0131ld\u0131z<\/strong><\/p>\n\n\n\n<p>\u00c7a\u011f \u00dcniversitesi, Fen-Edebiyat Fak\u00fcltesi, T\u00fcrk Dili ve Edebiyat\u0131 B\u00f6l\u00fcm\u00fc<\/p>\n\n\n\n<p><strong>Ar\u015f. G\u00f6r. Demet Canarslan Y\u0131ld\u0131z<\/strong><\/p>\n\n\n\n<p>\u00c7a\u011f \u00dcniversitesi, Fen-Edebiyat Fak\u00fcltesi, T\u00fcrk Dili ve Edebiyat\u0131 B\u00f6l\u00fcm\u00fc<\/p>\n\n\n\n<p><strong>\u0130ngilizce Dan\u0131\u015fmanlar\u0131<\/strong><\/p>\n\n\n\n<p><strong>Dr. \u00d6\u011fr. \u00dcyesi Seden Tuyan<\/strong><\/p>\n\n\n\n<p>\u00c7a\u011f \u00dcniversitesi, Fen-Edebiyat Fak\u00fcltesi, \u0130ngilizce M\u00fctercim ve Terc\u00fcmanl\u0131k B\u00f6l\u00fcm\u00fc<\/p>\n\n\n\n<p><strong>Dr. \u00d6\u011fr. \u00dcyesi Mustafa Kartal \u00c7elikay<\/strong><\/p>\n\n\n\n<p>\u00c7a\u011f \u00dcniversitesi, Fen-Edebiyat Fak\u00fcltesi, \u0130ngilizce M\u00fctercim ve Terc\u00fcmanl\u0131k B\u00f6l\u00fcm\u00fc<\/p>\n\n\n\n<p><strong>Dr. \u00d6\u011fr. \u00dcyesi Bet\u00fcl Alta\u015f<\/strong><\/p>\n\n\n\n<p>\u00c7a\u011f \u00dcniversitesi, Fen-Edebiyat Fak\u00fcltesi, \u0130ngilizce M\u00fctercim ve Terc\u00fcmanl\u0131k B\u00f6l\u00fcm\u00fc<\/p>\n\n\n\n<p><strong>\u00d6\u011fr. G\u00f6r. Dr. Fatma Tok\u00f6z<\/strong><\/p>\n\n\n\n<p>\u00c7a\u011f \u00dcniversitesi, Yabanc\u0131 Diller Y\u00fcksekokulu<\/p>\n\n\n\n<p><strong>SEMPOZYUM B\u0130L\u0130M VE DANI\u015eMA KURULU<\/strong><\/p>\n\n\n\n<p><strong>Prof. Dr. Deniz Abik<\/strong><\/p>\n\n\n\n<p>\u00c7ukurova \u00dcniversitesi, \u00c7ukurova \u00dcniversitesi T\u00fcrkoloji Ara\u015ft\u0131rma Merkezi M\u00fcd\u00fcr\u00fc<\/p>\n\n\n\n<p><strong>Prof. Dr. Recep \u015ekrijelj<\/strong><\/p>\n\n\n\n<p>Yeni Pazar Devlet \u00dcniversitesi<\/p>\n\n\n\n<p>S\u0131rbistan Cumhuriyeti<\/p>\n\n\n\n<p><strong>Prof. Dr. Mariya Leonti\u00e7<\/strong><\/p>\n\n\n\n<p>Go\u00e7e Del\u00e7ev \u00dcniversitesi (\u0130\u015ftip), Filoloji Fak\u00fcltesi, T\u00fcrk Dili ve Edebiyat\u0131 Grubu Ba\u015fkan\u0131<\/p>\n\n\n\n<p>Kuzey Makedonya Cumhuriyeti<\/p>\n\n\n\n<p><strong>Prof. Dr. Nazim \u0130brahim<\/strong><\/p>\n\n\n\n<p>Aziz Kiril ve Metodiy \u00dcniversitesi (\u00dcsk\u00fcp), Blaje Konevski Filoloji Fak\u00fcltesi,<\/p>\n\n\n\n<p>T\u00fcrk Dili ve Edebiyat\u0131 \u00d6\u011fretim \u00dcyesi<\/p>\n\n\n\n<p>Kuzey Makedonya Cumhuriyeti<\/p>\n\n\n\n<p><strong>Prof. Dr. Refide \u015eahin<\/strong><\/p>\n\n\n\n<p>Uluslararas\u0131 Balkan \u00dcniversitesi, E\u011fitim Fak\u00fcltesi, T\u00fcrk\u00e7e \u00d6\u011fretmenli\u011fi \u00d6\u011fretim \u00dcyesi<\/p>\n\n\n\n<p>Kuzey Makedonya<\/p>\n\n\n\n<p><strong>Prof. Dr. Mehmet Naci \u00d6nal<\/strong><\/p>\n\n\n\n<p>Mu\u011fla S\u0131tk\u0131 Ko\u00e7man \u00dcniversitesi \u2013 Edebiyat Fak\u00fcltesi T\u00fcrk Dili ve Edebiyat\u0131 B\u00f6l\u00fcm\u00fc \/ T\u00fcrk Halk Edebiyat\u0131 Anabilim Dal\u0131<\/p>\n\n\n\n<p>T\u00fcrkiye Cumhuriyeti<\/p>\n\n\n\n<p><strong>Prof. Dr. Recai \u00d6zcan<\/strong><\/p>\n\n\n\n<p>D\u00fczce \u00dcniversitesi, Fen-Edebiyat Fak\u00fcltesi, T\u00fcrk Dili ve Edebiyat\u0131 B\u00f6l\u00fcm\u00fc, Yeni T\u00fcrk Edebiyat\u0131 Ana Bilim Dal\u0131 Ba\u015fkan\u0131<\/p>\n\n\n\n<p>T\u00fcrkiye Cumhuriyeti<\/p>\n\n\n\n<p><strong>Prof. Dr. Dilek Batislam<\/strong><\/p>\n\n\n\n<p>\u00c7ukurova \u00dcniversitesi, Fen-Edebiyat Fak\u00fcltesi, T\u00fcrk Dili ve Edebiyat\u0131 B\u00f6l\u00fcm\u00fc, Eski T\u00fcrk Edebiyat\u0131 Ana Bilim Dal\u0131<\/p>\n\n\n\n<p>T\u00fcrkiye Cumhuriyeti<\/p>\n\n\n\n<p><strong>Prof. Dr. Refiye \u015eenesen<\/strong><\/p>\n\n\n\n<p>\u00c7ukurova \u00dcniversitesi, Fen-Edebiyat Fak\u00fcltesi, T\u00fcrk Dili ve Edebiyat\u0131 B\u00f6l\u00fcm\u00fc, T\u00fcrk Halk Edebiyat\u0131 Ana Bilim Dal\u0131<\/p>\n\n\n\n<p>T\u00fcrkiye Cumhuriyeti<\/p>\n\n\n\n<p><strong>Prof. Dr. Elmas \u015eahin<\/strong><\/p>\n\n\n\n<p>\u00c7a\u011f \u00dcniversitesi, Fen-Edebiyat Fak\u00fcltesi, T\u00fcrk Dili ve Edebiyat\u0131 B\u00f6l\u00fcm\u00fc<\/p>\n\n\n\n<p>T\u00fcrkiye Cumhuriyeti<\/p>\n\n\n\n<p><strong>Do\u00e7. Dr. Sevil B\u00fclb\u00fcl<\/strong><\/p>\n\n\n\n<p>Ankara Hac\u0131 Bayram Veli \u00dcniversitesi, Turizm Fak\u00fcltesi, Turizm Rehberli\u011fi B\u00f6l\u00fcm\u00fc, Turizm Rehberli\u011fi Ana Bilim Dal\u0131 (Sanat Tarihi)<\/p>\n\n\n\n<p>T\u00fcrkiye Cumhuriyeti<\/p>\n\n\n\n<p><strong>Do\u00e7. Dr. Reyhan G\u00f6kben Saluk<\/strong><\/p>\n\n\n\n<p>Kazak-Britanya Technical University, School of Social Sciences, Department of English Language<\/p>\n\n\n\n<p>Kazakistan<\/p>\n\n\n\n<p><strong>Prof. Dr. Abd\u00fclmecid Nuredin<\/strong><\/p>\n\n\n\n<p>Vizyon \u00dcniversitesi, Hukuk Fak\u00fcltesi \u00d6\u011fretim \u00dcyesi<\/p>\n\n\n\n<p>Kuzey Makedonya Cumhuriyeti<\/p>\n\n\n\n<p><strong>Do\u00e7. Dr. Ramadan Do\u011fan<\/strong><\/p>\n\n\n\n<p>Trakya \u00dcniversitesi, \u0130lahiyat Fak\u00fcltesi, T\u00fcrk \u0130slam Edebiyat\u0131 ve \u0130slam Sanatlar\u0131 Ana Bilim Dal\u0131<\/p>\n\n\n\n<p>T\u00fcrkiye Cumhuriyeti<\/p>\n\n\n\n<p><strong>Do\u00e7. Dr. Tudora Arnaut<\/strong><\/p>\n\n\n\n<p>University of Oxford, Faculty of Asian and Middle Eastern Studies<\/p>\n\n\n\n<p>Ukrayna<\/p>\n\n\n\n<p><strong>Do\u00e7. Dr. Ayhan Karaka\u015f<\/strong><\/p>\n\n\n\n<p>\u00c7ukurova \u00dcniversitesi, Fen-Edebiyat Fak\u00fcltesi, T\u00fcrk Dili ve Edebiyat\u0131 B\u00f6l\u00fcm\u00fc, T\u00fcrk Halk Edebiyat\u0131 Ana Bilim Dal\u0131<\/p>\n\n\n\n<p>T\u00fcrkiye Cumhuriyeti<\/p>\n\n\n\n<p><strong>Dr. \u00d6\u011fr. \u00dcyesi G\u00fcrcan Demiroglar\u0131<\/strong><\/p>\n\n\n\n<p>\u00c7a\u011f \u00dcniversitesi, Fen-Edebiyat Fak\u00fcltesi, \u0130ngilizce M\u00fctercim ve Terc\u00fcmanl\u0131k B\u00f6l\u00fcm\u00fc<\/p>\n\n\n\n<p>T\u00fcrkiye Cumhuriyeti<\/p>\n\n\n\n<p><strong>Dr. \u00d6\u011fr. \u00dcyesi Bedri Aydo\u011fan<\/strong><\/p>\n\n\n\n<p>\u00c7ukurova \u00dcniversitesi, Fen-Edebiyat Fak\u00fcltesi, T\u00fcrk Dili ve Edebiyat\u0131 B\u00f6l\u00fcm\u00fc, Yeni T\u00fcrk Edebiyat\u0131 Ana Bilim Dal\u0131<\/p>\n\n\n\n<p>T\u00fcrkiye Cumhuriyeti<\/p>\n\n\n\n<p><strong>Dr. Fatima Hocin<\/strong><\/p>\n\n\n\n<p>Aziz Kiril ve Metodiy \u00dcniversitesi, T\u00fcrk Dili ve Edebiyat\u0131 B\u00f6l\u00fcm\u00fc<\/p>\n\n\n\n<p>Kuzey Makedonya<\/p>\n\n\n\n<p><strong>Dr. Yasminka Ristovska Pili\u00e7kova<\/strong><\/p>\n\n\n\n<p>&#8220;Marko \u00c7epenkov&#8221; Makedon Folklor Enstit\u00fcs\u00fc Aziz Kiril ve Metodi \u00dcniversitesi<\/p>\n\n\n\n<p>Kuzey Makedonya Cumhuriyeti<\/p>\n\n\n\n<p><strong>Okt. Dr. Fatih Temih<\/strong><\/p>\n\n\n\n<p>Pri\u015ftine \u00dcniversitesi, T\u00fcrk Dili ve Edebiyat\u0131 B\u00f6l\u00fcm\u00fc<\/p>\n\n\n\n<p>Kosova Cumhuriyeti<\/p>\n\n\n\n<p><strong>SEMPOZYUMUN KONULARI<\/strong><\/p>\n\n\n\n<p>Sempozyum kapsam\u0131nda a\u015fa\u011f\u0131daki konu ba\u015fl\u0131klar\u0131nda bildiriler kabul edilecektir:<\/p>\n\n\n\n<p><strong>I. Dil ve Edebiyat Alan\u0131<\/strong><\/p>\n\n\n\n<ul class=\"wp-block-list\">\n<li>Balkanlarda T\u00fcrk dili ve edebiyat\u0131 \u00e7al\u0131\u015fmalar\u0131<\/li>\n\n\n\n<li>T\u00fcrk dili, T\u00fcrk edebiyat\u0131 ve T\u00fcrk folkloru<\/li>\n\n\n\n<li>Osmanl\u0131 T\u00fcrk\u00e7esi \u00e7al\u0131\u015fmalar\u0131<\/li>\n\n\n\n<li>Dil, edebiyat ve k\u00fclt\u00fcr alanlar\u0131nda kar\u015f\u0131la\u015ft\u0131rmal\u0131 ara\u015ft\u0131rmalar<\/li>\n\n\n\n<li>Dil ve edebiyat \u00f6\u011fretim y\u00f6ntemleri<\/li>\n\n\n\n<li>\u00c7eviri \u00e7al\u0131\u015fmalar\u0131 ve k\u00fclt\u00fcr aktar\u0131m\u0131<\/li>\n<\/ul>\n\n\n\n<p><strong>II. E\u011fitim ve \u00d6\u011fretim \u00c7al\u0131\u015fmalar\u0131<\/strong><\/p>\n\n\n\n<ul class=\"wp-block-list\">\n<li>T\u00fcrk dili e\u011fitimi \u00e7al\u0131\u015fmalar\u0131<\/li>\n\n\n\n<li>T\u00fcrk\u00e7enin yabanc\u0131 dil olarak \u00f6\u011fretimi<\/li>\n\n\n\n<li>Balkanlarda T\u00fcrk e\u011fitimi<\/li>\n\n\n\n<li>Balkan \u00fclkelerinde T\u00fcrk\u00e7e \u00f6\u011fretim politikalar\u0131<\/li>\n<\/ul>\n\n\n\n<p><strong>III. K\u00fclt\u00fcr, Sanat ve Medya<\/strong><\/p>\n\n\n\n<ul class=\"wp-block-list\">\n<li>Balkanlarda T\u00fcrk k\u00fclt\u00fcr\u00fc<\/li>\n\n\n\n<li>Balkanlardaki T\u00fcrk k\u00fclt\u00fcr\u00fc ile di\u011fer etnik topluluklar\u0131n k\u00fclt\u00fcrleraras\u0131 etkile\u015fimleri<\/li>\n\n\n\n<li>Balkanlarda T\u00fcrk mimarisi ve sanat\u0131<\/li>\n\n\n\n<li>Balkanlarda T\u00fcrk tiyatrosu ve sanatsal faaliyetler<\/li>\n\n\n\n<li>Balkanlarda T\u00fcrk radyo ve televizyonu<\/li>\n\n\n\n<li>Balkanlarda yay\u0131n hayat\u0131 (kitap, dergi, gazete)<\/li>\n\n\n\n<li>Balkanlarda T\u00fcrk dernekleri ve k\u00fclt\u00fcrel kurulu\u015flar<\/li>\n<\/ul>\n\n\n\n<p><strong>KATILIM KO\u015eULLARI<\/strong><\/p>\n\n\n\n<ul class=\"wp-block-list\">\n<li>Sempozyum dili T\u00fcrk\u00e7e ve \u0130ngilizcedir.<\/li>\n\n\n\n<li>Bildiri \u00f6zetleri hakem de\u011ferlendirmesine tabi tutulacakt\u0131r.<\/li>\n\n\n\n<li>Her ara\u015ft\u0131rmac\u0131 en fazla bir bildiri ile kat\u0131labilir.<\/li>\n\n\n\n<li>Bildiri \u00f6zetleri belirtilen tarihler aras\u0131nda g\u00f6nderilmelidir.<\/li>\n\n\n\n<li>Kabul edilen bildirilerin tam metinleri, belirtilen tarihe kadar teslim edilmelidir.<\/li>\n\n\n\n<li>Bildiriler bilimsel etik kurallar\u0131na uygun olmal\u0131d\u0131r.<\/li>\n<\/ul>\n\n\n\n<p><strong>SUNUM VE YAYIN<\/strong><\/p>\n\n\n\n<ul class=\"wp-block-list\">\n<li>Sempozyum oturumlar\u0131 \u00e7evrim i\u00e7i olarak ger\u00e7ekle\u015ftirilecektir.<\/li>\n\n\n\n<li>Bildiri sunum s\u00fcresi en fazla 15 dakikad\u0131r.<\/li>\n\n\n\n<li>Sunulan bildiriler aras\u0131ndan se\u00e7ilen tam metinler, ISBN&#8217;li ve a\u00e7\u0131k eri\u015fimli elektronik bildiri kitab\u0131nda yay\u0131mlanacakt\u0131r.<\/li>\n\n\n\n<li>Kat\u0131l\u0131m ve sunum belgeleri elektronik ortamda iletilecektir.<\/li>\n<\/ul>\n\n\n\n<p><strong>\u00d6NEML\u0130 TAR\u0130HLER<\/strong><\/p>\n\n\n\n<ul class=\"wp-block-list\">\n<li>Bildiri \u00d6zeti Son G\u00f6nderim Tarihi: 10 May\u0131s 2026<\/li>\n\n\n\n<li>Kabul Edilen Bildirilerin \u0130lan\u0131: 15 May\u0131s 2026<\/li>\n\n\n\n<li>Bildirilerin \u00c7evrim \u0130\u00e7i (Online) Sunumlar\u0131: 1 Haziran 2026<\/li>\n\n\n\n<li>Tam Metin Bildirilerin Son G\u00f6nderim Tarihi: 1 Temmuz 2026<\/li>\n\n\n\n<li>Elektronik Bildiri Kitab\u0131n\u0131n Yay\u0131m Tarihi: 1 Kas\u0131m 2026<\/li>\n<\/ul>\n\n\n\n<p><strong>\u00dcCRET<\/strong><\/p>\n\n\n\n<p>Sempozyuma kat\u0131l\u0131m <strong>\u00fccretsizdir<\/strong>. Kat\u0131l\u0131mc\u0131lardan herhangi bir ba\u015fvuru veya kay\u0131t \u00fccreti talep edilmeyecektir.<\/p>\n\n\n\n<p><strong>DO\u00c7ENTL\u0130K VE AKADEM\u0130K TE\u015eV\u0130K MEVZUATI A\u00c7ISINDAN DE\u011eERLEND\u0130RME<\/strong><\/p>\n\n\n\n<p>II. Uluslararas\u0131 Balkanlarda T\u00fcrk Dili, Edebiyat ve K\u00fclt\u00fcrel Etkile\u015fim Sempozyumu; bilim kurulu yap\u0131s\u0131, kat\u0131l\u0131mc\u0131 profili ve organizasyon niteli\u011fi itibar\u0131yla uluslararas\u0131 bilimsel toplant\u0131 kapsam\u0131nda de\u011ferlendirilebilecek niteliktedir.<\/p>\n\n\n\n<p>Sempozyum;<\/p>\n\n\n\n<ul class=\"wp-block-list\">\n<li>Farkl\u0131 \u00fclkelerden \u00f6\u011fretim \u00fcyelerinden olu\u015fan bir bilim ve dan\u0131\u015fma kuruluna sahip olmas\u0131,<\/li>\n\n\n\n<li>En az \u00fc\u00e7 farkl\u0131 \u00fclkeden akademisyenlerin kat\u0131l\u0131m\u0131n\u0131n \u00f6ng\u00f6r\u00fclmesi,<\/li>\n\n\n\n<li>Bildiri \u00f6zetlerinin hakem de\u011ferlendirme s\u00fcrecine tabi tutulmas\u0131,<\/li>\n\n\n\n<li>Uluslararas\u0131 d\u00fczeyde bilimsel etkile\u015fim ve akademik i\u015f birli\u011fi ortam\u0131 sunmas\u0131,<\/li>\n\n\n\n<li>ISBN numaras\u0131 al\u0131nm\u0131\u015f, a\u00e7\u0131k eri\u015fimli elektronik bildiri kitab\u0131 yay\u0131mlanmas\u0131,<\/li>\n\n\n\n<li>Bildirilerin bilimsel i\u00e7erik ve etik ilkelere uygun bi\u00e7imde de\u011ferlendirilmesi hususlar\u0131 bak\u0131m\u0131ndan, Y\u00fcksek\u00f6\u011fretim Kurulu taraf\u0131ndan belirlenen do\u00e7entlik ba\u015fvuru kriterlerinde yer alan &#8220;uluslararas\u0131 bilimsel toplant\u0131&#8221; \u00f6l\u00e7\u00fctleriyle uyum g\u00f6stermektedir.<\/li>\n<\/ul>\n\n\n\n<p>Ayr\u0131ca, etkinli\u011fin Balkan \u00fclkeleri ba\u015fta olmak \u00fczere farkl\u0131 \u00fclkelerden akademisyenlerin aktif kat\u0131l\u0131m\u0131yla ger\u00e7ekle\u015ftirilmesi; \u00e7ok payda\u015fl\u0131 ve uluslararas\u0131 akademik etkile\u015fim ortam\u0131 sa\u011flamas\u0131 bak\u0131m\u0131ndan akademik te\u015fvik de\u011ferlendirmelerinde aranan uluslararas\u0131 faaliyet kapsam\u0131na uygunluk arz etmektedir.<\/p>\n\n\n\n<p>Sempozyum kapsam\u0131nda ger\u00e7ekle\u015ftirilen t\u00fcm oturumlar dijital ortamda kay\u0131t alt\u0131na al\u0131nacak ve ar\u015fivlenecektir. Bu uygulama, etkinli\u011fin \u015feffafl\u0131k, izlenebilirlik ve akademik s\u00fcrd\u00fcr\u00fclebilirlik ilkeleri do\u011frultusunda y\u00fcr\u00fct\u00fcld\u00fc\u011f\u00fcn\u00fc belgeleyen bir unsur olarak de\u011ferlendirilmektedir.<\/p>\n\n\n\n<p>Bu \u00e7er\u00e7evede sempozyum, do\u00e7entlik ba\u015fvurular\u0131 ve akademik te\u015fvik de\u011ferlendirmelerinde uluslararas\u0131 bilimsel etkinlik kapsam\u0131nda dikkate al\u0131nabilecek nitelikte bir organizasyon olarak planlanmaktad\u0131r.<\/p>\n\n\n\n<p><strong>\u00d6ZET VE TAM MET\u0130N G\u00d6NDER\u0130M\u0130<\/strong><\/p>\n\n\n\n<p>Sempozyuma kat\u0131lmak isteyen ara\u015ft\u0131rmac\u0131lar\u0131n, kat\u0131l\u0131m ba\u015fvuru formunu doldurarak bildiri \u00f6zetlerini g\u00f6ndermeleri gerekmektedir.<\/p>\n\n\n\n<p>G\u00f6nderilen \u00f6zetler bilimsel de\u011ferlendirme s\u00fcrecine tabi tutulacak olup, de\u011ferlendirme s\u00fcreci en fazla \u00fc\u00e7 (3) g\u00fcn i\u00e7inde tamamlanacak ve sonu\u00e7lar yazarlara elektronik posta yoluyla bildirilecektir.<\/p>\n\n\n\n<p>\u00d6zetlerin;<\/p>\n\n\n\n<ul class=\"wp-block-list\">\n<li>200\u2013300 kelime aras\u0131nda olmas\u0131,<\/li>\n\n\n\n<li>T\u00fcrk\u00e7e haz\u0131rlanmas\u0131 ve ayr\u0131ca \u0130ngilizce &#8220;Abstract&#8221; i\u00e7ermesi,<\/li>\n\n\n\n<li>Word (doc\/docx) format\u0131nda g\u00f6nderilmesi gerekmektedir.<\/li>\n<\/ul>\n\n\n\n<p>\u00d6zetlerin en ge\u00e7 10 May\u0131s 2026 tarihine kadar ubtdk@cag.edu.tr adresine g\u00f6nderilmesi gerekmektedir. Bu tarihten sonra g\u00f6nderilen ba\u015fvurular de\u011ferlendirmeye al\u0131nmayacakt\u0131r.<\/p>\n\n\n\n<p>Tam metinlerini elektronik bildiri kitab\u0131nda yay\u0131mlatmak isteyen kat\u0131l\u0131mc\u0131lar\u0131n, kabul edilen bildirilerine ait tam metinleri en ge\u00e7 1 Temmuz 2026 tarihine kadar ayn\u0131 e-posta adresine g\u00f6ndermeleri gerekmektedir.<\/p>\n\n\n\n<p><strong>\u00d6nemli Not<\/strong><\/p>\n\n\n\n<p>\u00d6zet g\u00f6nderimi s\u0131ras\u0131nda e-posta konu sat\u0131r\u0131na:<\/p>\n\n\n\n<p><strong>&#8220;II. Uluslararas\u0131 Balkanlarda T\u00fcrk Dili, Edebiyat ve K\u00fclt\u00fcrel Etkile\u015fim Sempozyumu&#8221;<\/strong><\/p>\n\n\n\n<p>ifadesinin yaz\u0131lmas\u0131 gerekmektedir. Ayr\u0131ca \u00f6zet metin bir Word dosyas\u0131nda yer almal\u0131d\u0131r. Word dosyas\u0131nda yazar\u0131n ileti\u015fim bilgileri (e-posta ve ORCID) eksiksiz yer almal\u0131d\u0131r.<\/p>\n\n\n\n<p><strong>TAM MET\u0130N YAZIM KURALLARI<\/strong><\/p>\n\n\n\n<p>Tam metinler a\u015fa\u011f\u0131da belirtilen yaz\u0131m kurallar\u0131na uygun olarak haz\u0131rlanmal\u0131d\u0131r:<\/p>\n\n\n\n<p><strong>1. Sayfa D\u00fczeni ve Yaz\u0131 Tipi<\/strong><\/p>\n\n\n\n<ul class=\"wp-block-list\">\n<li>Metinler A4 k\u00e2\u011f\u0131t boyutunda haz\u0131rlanmal\u0131d\u0131r.<\/li>\n\n\n\n<li>Microsoft Word (doc\/docx) format\u0131nda veya uyumlu bir programda yaz\u0131lmal\u0131d\u0131r.<\/li>\n\n\n\n<li>Yaz\u0131 karakteri Times New Roman olmal\u0131d\u0131r.<\/li>\n<\/ul>\n\n\n\n<p><strong>2. Ba\u015fl\u0131k ve Yazar Bilgileri<\/strong><\/p>\n\n\n\n<ul class=\"wp-block-list\">\n<li>Bildiri ba\u015fl\u0131\u011f\u0131 sayfan\u0131n \u00fcst k\u0131sm\u0131nda yer almal\u0131d\u0131r.<\/li>\n\n\n\n<li>Yazar ad\u0131\/isimleri ba\u015fl\u0131\u011f\u0131n alt\u0131nda sola hizal\u0131 olarak verilmelidir.<\/li>\n\n\n\n<li>Yazar bilgilerinin sonunda yer alacak * dipnot simgesi ile; \u00fcnvan, kurum, e-posta adresi ve ORCID numaras\u0131 belirtilmelidir.<\/li>\n\n\n\n<li>\u00c7ok yazarl\u0131 \u00e7al\u0131\u015fmalarda dipnot simgeleri s\u0131ras\u0131yla *, **, ***, **** \u015feklinde kullan\u0131lmal\u0131d\u0131r.<\/li>\n<\/ul>\n\n\n\n<p><strong>3. \u00d6zet<\/strong><\/p>\n\n\n\n<ul class=\"wp-block-list\">\n<li>Kitap b\u00f6l\u00fcm\u00fc format\u0131nda g\u00f6nderilen tam metinlerde &#8220;\u00d6zet&#8221; ve \u0130ngilizce &#8220;Abstract&#8221; yer almamal\u0131d\u0131r.<\/li>\n<\/ul>\n\n\n\n<p><strong>4. Metin \u00d6zellikleri<\/strong><\/p>\n\n\n\n<ul class=\"wp-block-list\">\n<li>Ana metin 11 punto, tam sat\u0131r aral\u0131\u011f\u0131 ile yaz\u0131lmal\u0131d\u0131r.<\/li>\n\n\n\n<li>Paragraf ba\u015f\u0131nda girinti yap\u0131lmamal\u0131d\u0131r.<\/li>\n\n\n\n<li>Metin iki yana yasl\u0131 olmal\u0131d\u0131r.<\/li>\n<\/ul>\n\n\n\n<p><strong>5. Ba\u015fl\u0131k Sistemi<\/strong><\/p>\n\n\n\n<ul class=\"wp-block-list\">\n<li>Ana ba\u015fl\u0131klar: 12 punto, B\u00dcY\u00dcK HARF, koyu ve sola hizal\u0131 olmal\u0131d\u0131r.<\/li>\n\n\n\n<li>Ara ba\u015fl\u0131klar: 11 punto, koyu, yaln\u0131zca ilk harfleri b\u00fcy\u00fck olacak \u015fekilde ve sola hizal\u0131 yaz\u0131lmal\u0131d\u0131r.<\/li>\n\n\n\n<li>Ba\u015fl\u0131klar ile metin aras\u0131nda ve paragraflar aras\u0131nda 6 aral\u0131k b\u0131rak\u0131lmal\u0131d\u0131r.<\/li>\n<\/ul>\n\n\n\n<p><strong>6. Tablo ve G\u00f6rseller<\/strong><\/p>\n\n\n\n<ul class=\"wp-block-list\">\n<li>Tablo i\u00e7i yaz\u0131lar 10 punto olmal\u0131d\u0131r.<\/li>\n\n\n\n<li>Tablo alt\u0131 a\u00e7\u0131klamalar ve g\u00f6rsel alt\u0131 yaz\u0131lar (resim, grafik, \u015fekil vb.) 9 punto ile yaz\u0131lmal\u0131d\u0131r.<\/li>\n<\/ul>\n\n\n\n<p><strong>7. Dipnot ve At\u0131f Sistemi<\/strong><\/p>\n\n\n\n<ul class=\"wp-block-list\">\n<li>Dipnotlar 9 punto, tam sat\u0131r aral\u0131\u011f\u0131 ile yaz\u0131lmal\u0131d\u0131r.<\/li>\n\n\n\n<li>Hizalama iki yana yasl\u0131, paragraf girintisi 0,5 cm olmal\u0131d\u0131r.<\/li>\n\n\n\n<li>Dipnotlar at\u0131f amac\u0131yla kullan\u0131lmamal\u0131d\u0131r. Yaln\u0131zca metnin ak\u0131\u015f\u0131n\u0131 bozacak ancak ek bilgi verilmesi gereken durumlarda kullan\u0131lmal\u0131d\u0131r.<\/li>\n\n\n\n<li>At\u0131flarda metin i\u00e7i at\u0131f y\u00f6ntemi esas al\u0131nmal\u0131d\u0131r.<\/li>\n<\/ul>\n\n\n\n<p><strong>8. Kaynak\u00e7a<\/strong><\/p>\n\n\n\n<ul class=\"wp-block-list\">\n<li>Metin i\u00e7inde at\u0131fta bulunulan t\u00fcm kaynaklar, eser sonunda &#8220;Kaynaklar&#8221; ba\u015fl\u0131\u011f\u0131 alt\u0131nda g\u00f6sterilmelidir.<\/li>\n\n\n\n<li>Kaynaklar b\u00f6l\u00fcm\u00fc yeni bir sayfadan ba\u015flamal\u0131d\u0131r.<\/li>\n\n\n\n<li>11 punto ile yaz\u0131lmal\u0131d\u0131r.<\/li>\n\n\n\n<li>Yaln\u0131zca metin i\u00e7inde at\u0131f yap\u0131lan kaynaklara yer verilmelidir.<\/li>\n\n\n\n<li>Hem metin i\u00e7i at\u0131flarda hem de kaynak\u00e7a d\u00fczeninde APA 7 kurallar\u0131 uygulanmal\u0131d\u0131r.<\/li>\n<\/ul>\n\n\n\n<p><strong>9. Farkl\u0131 Alfabeler<\/strong><\/p>\n\n\n\n<ul class=\"wp-block-list\">\n<li>Latin alfabesi d\u0131\u015f\u0131nda (Arap, Kiril vb.) yaz\u0131lm\u0131\u015f b\u00f6l\u00fcmler metin i\u00e7inde yer almas\u0131 gereken konuma yerle\u015ftirilmelidir.<\/li>\n\n\n\n<li>Kullan\u0131lan \u00f6zel yaz\u0131 tipleri ayr\u0131ca ek dosya olarak g\u00f6nderilmelidir.<\/li>\n<\/ul>\n\n\n\n<p><strong>10. Yaz\u0131m ve Noktalama<\/strong><\/p>\n\n\n\n<ul class=\"wp-block-list\">\n<li>\u0130mla ve noktalama kurallar\u0131nda (k\u0131saltmalar d\u00e2hil) T\u00fcrk Dil Kurumu Yaz\u0131m K\u0131lavuzu&#8217;nun son bask\u0131s\u0131 esas al\u0131nmal\u0131d\u0131r.<\/li>\n<\/ul>\n\n\n\n<p><strong>ET\u0130K \u0130LKELER VE YAYIN POL\u0130T\u0130KASI<\/strong><\/p>\n\n\n\n<p>II. Uluslararas\u0131 Balkanlarda T\u00fcrk Dili, Edebiyat ve K\u00fclt\u00fcrel Etkile\u015fim Sempozyumu kapsam\u0131nda sunulan t\u00fcm bildiriler, bilimsel etik kurallar ve akademik yay\u0131n ilkeleri \u00e7er\u00e7evesinde de\u011ferlendirilecektir.<\/p>\n\n\n\n<p><strong>1. Bilimsel Etik \u0130lkeler<\/strong><\/p>\n\n\n\n<ul class=\"wp-block-list\">\n<li>G\u00f6nderilen \u00e7al\u0131\u015fmalar \u00f6zg\u00fcn olmal\u0131 ve daha \u00f6nce ba\u015fka bir yerde yay\u0131mlanmam\u0131\u015f ya da yay\u0131mlanmak \u00fczere g\u00f6nderilmemi\u015f olmal\u0131d\u0131r.<\/li>\n\n\n\n<li>Bildirilerde intihal, sahtecilik, \u00e7arp\u0131tma, tekrar yay\u0131n ve haks\u0131z yazarl\u0131k gibi etik ihlaller kabul edilmez.<\/li>\n\n\n\n<li>\u00c7al\u0131\u015fmalarda kullan\u0131lan t\u00fcm kaynaklara uygun bi\u00e7imde at\u0131f yap\u0131lmal\u0131d\u0131r.<\/li>\n\n\n\n<li>Gerekli durumlarda etik kurul izni al\u0131nm\u0131\u015f olmal\u0131d\u0131r.<\/li>\n<\/ul>\n\n\n\n<p>Sempozyuma g\u00f6nderilen tam metinler, gerekli g\u00f6r\u00fclmesi h\u00e2linde intihal tespit programlar\u0131 arac\u0131l\u0131\u011f\u0131yla kontrol edilebilir. Benzerlik oran\u0131n\u0131n kabul edilebilir akademik s\u0131n\u0131rlar i\u00e7inde olmas\u0131 beklenmektedir.<\/p>\n\n\n\n<p><strong>2. Hakemlik S\u00fcreci<\/strong><\/p>\n\n\n\n<ul class=\"wp-block-list\">\n<li>Bildiri \u00f6zetleri bilim kurulunca de\u011ferlendirilecektir.<\/li>\n\n\n\n<li>Tam metinler, yay\u0131n s\u00fcrecinde bilimsel yeterlilik a\u00e7\u0131s\u0131ndan incelenecektir.<\/li>\n\n\n\n<li>Gerekli g\u00f6r\u00fclen durumlarda yazarlardan d\u00fczeltme talep edilebilir.<\/li>\n\n\n\n<li>De\u011ferlendirme s\u00fcreci akademik tarafs\u0131zl\u0131k ve nesnellik ilkelerine uygun \u015fekilde y\u00fcr\u00fct\u00fclecektir.<\/li>\n<\/ul>\n\n\n\n<p><strong>3. Yay\u0131n Politikas\u0131<\/strong><\/p>\n\n\n\n<ul class=\"wp-block-list\">\n<li>Sempozyumda sunulan bildiriler aras\u0131ndan yaz\u0131m kurallar\u0131na uygun bulunan ve de\u011ferlendirme s\u00fcrecini ba\u015far\u0131yla tamamlayan \u00e7al\u0131\u015fmalar, ISBN numaras\u0131 al\u0131nm\u0131\u015f a\u00e7\u0131k eri\u015fimli elektronik bildiri kitab\u0131nda yay\u0131mlanacakt\u0131r.<\/li>\n\n\n\n<li>Yay\u0131n dili T\u00fcrk\u00e7e ve \u0130ngilizcedir.<\/li>\n\n\n\n<li>Yay\u0131n hakk\u0131 yazarlara aittir; ancak yazarlar, bildirilerinin sempozyum bildiri kitab\u0131nda yay\u0131mlanmas\u0131n\u0131 kabul etmi\u015f say\u0131l\u0131rlar.<\/li>\n\n\n\n<li>Bildiri kitab\u0131 dijital ortamda ar\u015fivlenecek ve akademik referans olu\u015fturacak bi\u00e7imde eri\u015fime a\u00e7\u0131k olacakt\u0131r.<\/li>\n<\/ul>\n\n\n\n<p><strong>4. Sorumluluk<\/strong><\/p>\n\n\n\n<p>Yay\u0131mlanan \u00e7al\u0131\u015fmalar\u0131n bilimsel, hukuki ve etik sorumlulu\u011fu tamamen yazar(lar)a aittir. Organizasyon komitesi ve edit\u00f6r kurulu, etik ihlal tespit edilmesi durumunda ilgili \u00e7al\u0131\u015fmay\u0131 yay\u0131ndan \u00e7\u0131karma hakk\u0131n\u0131 sakl\u0131 tutar.<\/p>\n\n\n\n<p><strong>\u0130LET\u0130\u015e\u0130M<\/strong><\/p>\n\n\n\n<p>T\u00fcm soru ve g\u00f6r\u00fc\u015fleriniz i\u00e7in a\u015fa\u011f\u0131daki e-posta adreslerine yazabilirsiniz:<\/p>\n\n\n\n<ul class=\"wp-block-list\">\n<li>ubtdk@cag.edu.tr<\/li>\n\n\n\n<li>alilsevin@cag.edu.tr<\/li>\n\n\n\n<li>alperyildiz@cag.edu.tr<\/li>\n\n\n\n<li>demetcanarslan@cag.edu.tr<\/li>\n<\/ul>\n","protected":false},"excerpt":{"rendered":"<p>II. ULUSLARARASI BALKANLARDA T\u00dcRK D\u0130L\u0130, EDEB\u0130YATI VE K\u00dcLT\u00dcR\u00dc SEMPOZYUMU II. Uluslararas\u0131 Balkanlarda T\u00fcrk Dili, Edebiyat\u0131 ve K\u00fclt\u00fcr\u00fc Sempozyumu, 1 Haziran 2026 tarihinde ikinci kez d\u00fczenlenecektir. Sempozyumun ger\u00e7ekle\u015ftirilmesine, Balkan \u00fclkelerindeki \u00e7e\u015fitli y\u00fcksek\u00f6\u011fretim kurumlar\u0131yla y\u00fcr\u00fct\u00fclen kapsaml\u0131 akademik i\u015f birli\u011fi g\u00f6r\u00fc\u015fmeleri neticesinde karar verilmi\u015ftir. Ayr\u0131ca, T\u00fcrk Dil Kurumu Ba\u015fkan\u0131 Prof. Dr. Osman Mert davetli konu\u015fmac\u0131 olarak sempozyumumuzu onurland\u0131racakt\u0131r. [&hellip;]<\/p>\n","protected":false},"author":1,"featured_media":0,"parent":0,"menu_order":0,"comment_status":"closed","ping_status":"closed","template":"","meta":{"footnotes":""},"class_list":["post-493","page","type-page","status-publish","hentry"],"_links":{"self":[{"href":"https:\/\/conference.cag.edu.tr\/ubtdk\/wp-json\/wp\/v2\/pages\/493","targetHints":{"allow":["GET"]}}],"collection":[{"href":"https:\/\/conference.cag.edu.tr\/ubtdk\/wp-json\/wp\/v2\/pages"}],"about":[{"href":"https:\/\/conference.cag.edu.tr\/ubtdk\/wp-json\/wp\/v2\/types\/page"}],"author":[{"embeddable":true,"href":"https:\/\/conference.cag.edu.tr\/ubtdk\/wp-json\/wp\/v2\/users\/1"}],"replies":[{"embeddable":true,"href":"https:\/\/conference.cag.edu.tr\/ubtdk\/wp-json\/wp\/v2\/comments?post=493"}],"version-history":[{"count":47,"href":"https:\/\/conference.cag.edu.tr\/ubtdk\/wp-json\/wp\/v2\/pages\/493\/revisions"}],"predecessor-version":[{"id":994,"href":"https:\/\/conference.cag.edu.tr\/ubtdk\/wp-json\/wp\/v2\/pages\/493\/revisions\/994"}],"wp:attachment":[{"href":"https:\/\/conference.cag.edu.tr\/ubtdk\/wp-json\/wp\/v2\/media?parent=493"}],"curies":[{"name":"wp","href":"https:\/\/api.w.org\/{rel}","templated":true}]}}