{"id":495,"date":"2019-12-02T11:50:58","date_gmt":"2019-12-02T08:50:58","guid":{"rendered":"http:\/\/conference.cag.edu.tr\/?page_id=495"},"modified":"2026-04-16T20:56:41","modified_gmt":"2026-04-16T17:56:41","slug":"sempozyumhakkinda","status":"publish","type":"page","link":"https:\/\/conference.cag.edu.tr\/ubtdk\/sempozyumhakkinda\/","title":{"rendered":"Hakk\u0131nda"},"content":{"rendered":"\n<p class=\"has-text-align-center\">II. Uluslararas\u0131 Balkanlarda T\u00fcrk Dili, Edebiyat\u0131 ve K\u00fclt\u00fcr\u00fc Sempozyumu, 1 Haziran 2026 tarihinde ikinci kez d\u00fczenlenecektir. Sempozyumun ger\u00e7ekle\u015ftirilmesine, Balkan \u00fclkelerindeki \u00e7e\u015fitli y\u00fcksek\u00f6\u011fretim kurumlar\u0131yla y\u00fcr\u00fct\u00fclen kapsaml\u0131 akademik i\u015f birli\u011fi g\u00f6r\u00fc\u015fmeleri neticesinde karar verilmi\u015ftir. Bu kapsamda ba\u015fta Kuzey Makedonya Cumhuriyeti\u2019nden \u00dcsk\u00fcp Aziz Kiril ve Metodiy \u00dcniversitesi, Kalkandelen (Tetova) \u00dcniversitesi ve Gostivar Uluslararas\u0131 Vizyon \u00dcniversitesi; Kosova Cumhuriyeti\u2019nden Pri\u015ftine \u00dcniversitesi ve Prizren Ukshin Hoti \u00dcniversitesi; S\u0131rbistan Cumhuriyeti\u2019nden Belgrad \u00dcniversitesi, Romanya Cumhuriyeti\u2019nden K\u00f6stence Ovidius \u00dcniversitesi, Moldova Cumhuriyeti\u2019nden Komrad Devlet \u00dcniversitesi, Ukrayna Cumhuriyeti\u2019nden Kiev Ulusal \u00dcniversitesi, Azerbaycan Cumhuriyetinden Bak\u00fc Slav \u00dcniversitesinin Balkan \u00c7al\u0131\u015fmalar\u0131 B\u00f6l\u00fcm\u00fc olmak \u00fczere, s\u00f6z konusu \u00fcniversitelerin T\u00fcrk Dili ve Edebiyat\u0131 b\u00f6l\u00fcmleri ile E\u011fitim Fak\u00fcltelerinin T\u00fcrk\u00e7e \u00d6\u011fretmenli\u011fi ve Yabanc\u0131 Diller b\u00f6l\u00fcmlerinde g\u00f6rev yapan alan ba\u015fkanlar\u0131yla ger\u00e7ekle\u015ftirilen g\u00f6r\u00fc\u015fmeler sempozyumun kurumsal altyap\u0131s\u0131n\u0131n olu\u015fmas\u0131nda \u00f6nemli katk\u0131lar sa\u011flam\u0131\u015ft\u0131r. \u00c7a\u011f \u00dcniversitesi olarak, destek ve i\u015f birli\u011fi iradesi g\u00f6steren t\u00fcm payda\u015f kurumlara te\u015fekk\u00fcr eder ; bu akademik i\u015f birli\u011finin somut bir yans\u0131mas\u0131 olarak sempozyumun \u00c7a\u011f \u00dcniversitesi ev sahipli\u011finde d\u00fczenlenecek olmas\u0131ndan memnuniyet duydu\u011fumuzu kamuoyuyla payla\u015f\u0131r\u0131z.<\/p>\n\n\n\n<p><\/p>\n","protected":false},"excerpt":{"rendered":"<p>II. Uluslararas\u0131 Balkanlarda T\u00fcrk Dili, Edebiyat\u0131 ve K\u00fclt\u00fcr\u00fc Sempozyumu, 1 Haziran 2026 tarihinde ikinci kez d\u00fczenlenecektir. Sempozyumun ger\u00e7ekle\u015ftirilmesine, Balkan \u00fclkelerindeki \u00e7e\u015fitli y\u00fcksek\u00f6\u011fretim kurumlar\u0131yla y\u00fcr\u00fct\u00fclen kapsaml\u0131 akademik i\u015f birli\u011fi g\u00f6r\u00fc\u015fmeleri neticesinde karar verilmi\u015ftir. Bu kapsamda ba\u015fta Kuzey Makedonya Cumhuriyeti\u2019nden \u00dcsk\u00fcp Aziz Kiril ve Metodiy \u00dcniversitesi, Kalkandelen (Tetova) \u00dcniversitesi ve Gostivar Uluslararas\u0131 Vizyon \u00dcniversitesi; Kosova Cumhuriyeti\u2019nden Pri\u015ftine [&hellip;]<\/p>\n","protected":false},"author":1,"featured_media":0,"parent":0,"menu_order":0,"comment_status":"closed","ping_status":"closed","template":"","meta":{"footnotes":""},"class_list":["post-495","page","type-page","status-publish","hentry"],"_links":{"self":[{"href":"https:\/\/conference.cag.edu.tr\/ubtdk\/wp-json\/wp\/v2\/pages\/495","targetHints":{"allow":["GET"]}}],"collection":[{"href":"https:\/\/conference.cag.edu.tr\/ubtdk\/wp-json\/wp\/v2\/pages"}],"about":[{"href":"https:\/\/conference.cag.edu.tr\/ubtdk\/wp-json\/wp\/v2\/types\/page"}],"author":[{"embeddable":true,"href":"https:\/\/conference.cag.edu.tr\/ubtdk\/wp-json\/wp\/v2\/users\/1"}],"replies":[{"embeddable":true,"href":"https:\/\/conference.cag.edu.tr\/ubtdk\/wp-json\/wp\/v2\/comments?post=495"}],"version-history":[{"count":13,"href":"https:\/\/conference.cag.edu.tr\/ubtdk\/wp-json\/wp\/v2\/pages\/495\/revisions"}],"predecessor-version":[{"id":988,"href":"https:\/\/conference.cag.edu.tr\/ubtdk\/wp-json\/wp\/v2\/pages\/495\/revisions\/988"}],"wp:attachment":[{"href":"https:\/\/conference.cag.edu.tr\/ubtdk\/wp-json\/wp\/v2\/media?parent=495"}],"curies":[{"name":"wp","href":"https:\/\/api.w.org\/{rel}","templated":true}]}}